{"id":670,"date":"2025-03-04T04:42:27","date_gmt":"2025-03-04T03:42:27","guid":{"rendered":"https:\/\/reserves-alcudia-boat-rental.com\/?page_id=670"},"modified":"2025-04-15T23:31:17","modified_gmt":"2025-04-15T21:31:17","slug":"datenschutzerklarung","status":"publish","type":"page","link":"https:\/\/reserves2.alcudia-boat-rental.com\/de","title":{"rendered":"Polit privacidad"},"content":{"rendered":"<div data-elementor-type=\"wp-page\" data-elementor-id=\"670\" class=\"elementor elementor-670\">\n\t\t\t\t\t\t<section class=\"elementor-section elementor-top-section elementor-element elementor-element-2e4f276 elementor-section-boxed elementor-section-height-default elementor-section-height-default\" data-id=\"2e4f276\" data-element_type=\"section\" data-e-type=\"section\">\n\t\t\t\t\t\t<div class=\"elementor-container elementor-column-gap-default\">\n\t\t\t\t\t<div class=\"elementor-column elementor-col-100 elementor-top-column elementor-element elementor-element-05d8163\" data-id=\"05d8163\" data-element_type=\"column\" data-e-type=\"column\">\n\t\t\t<div class=\"elementor-widget-wrap elementor-element-populated\">\n\t\t\t\t\t\t<div class=\"elementor-element elementor-element-f0a53e0 elementor-widget elementor-widget-image\" data-id=\"f0a53e0\" data-element_type=\"widget\" data-e-type=\"widget\" data-widget_type=\"image.default\">\n\t\t\t\t<div class=\"elementor-widget-container\">\n\t\t\t\t\t\t\t\t\t\t\t\t\t\t\t<img decoding=\"async\" width=\"301\" height=\"90\" src=\"https:\/\/reserves2.alcudia-boat-rental.com\/wp-content\/uploads\/2019\/11\/cropped-logo-negro-grande.png\" class=\"attachment-large size-large wp-image-10\" alt=\"\" srcset=\"https:\/\/reserves2.alcudia-boat-rental.com\/wp-content\/uploads\/2019\/11\/cropped-logo-negro-grande.png 301w, https:\/\/reserves2.alcudia-boat-rental.com\/wp-content\/uploads\/2019\/11\/cropped-logo-negro-grande-300x90.png 300w\" sizes=\"100vw\" \/>\t\t\t\t\t\t\t\t\t\t\t\t\t\t\t<\/div>\n\t\t\t\t<\/div>\n\t\t\t\t<div class=\"elementor-element elementor-element-8b39c4d elementor-widget-divider--view-line elementor-widget elementor-widget-divider\" data-id=\"8b39c4d\" data-element_type=\"widget\" data-e-type=\"widget\" data-widget_type=\"divider.default\">\n\t\t\t\t<div class=\"elementor-widget-container\">\n\t\t\t\t\t\t\t<div class=\"elementor-divider\">\n\t\t\t<span class=\"elementor-divider-separator\">\n\t\t\t\t\t\t<\/span>\n\t\t<\/div>\n\t\t\t\t\t\t<\/div>\n\t\t\t\t<\/div>\n\t\t\t\t<div class=\"elementor-element elementor-element-2b1a34e elementor-widget elementor-widget-heading\" data-id=\"2b1a34e\" data-element_type=\"widget\" data-e-type=\"widget\" data-widget_type=\"heading.default\">\n\t\t\t\t<div class=\"elementor-widget-container\">\n\t\t\t\t\t<h2 class=\"elementor-heading-title elementor-size-default\"><p data-start=\"44\" data-end=\"87\"><strong data-start=\"44\" data-end=\"85\">WAS IST DIE FUNKTION DIESER WEBSITE?<\/strong><\/p><p data-start=\"89\" data-end=\"221\">Diese Subdom\u00e4ne ist Eigentum von <a data-start=\"114\" data-end=\"141\" rel=\"noopener\" target=\"_new\" href=\"http:\/\/www.alcudia-boat-rental.com\">www.alcudia-boat-rental.com<\/a>, und seine Funktion ist es, eingebettet zu sein als ein <strong data-start=\"184\" data-end=\"194\">iframe<\/strong> auf der Haupt-Website.<\/p><p data-start=\"223\" data-end=\"291\"><br><\/p><br><br><\/h2>\t\t\t\t<\/div>\n\t\t\t\t<\/div>\n\t\t\t\t<div class=\"elementor-element elementor-element-fe53aec elementor-widget-divider--view-line elementor-widget elementor-widget-divider\" data-id=\"fe53aec\" data-element_type=\"widget\" data-e-type=\"widget\" data-widget_type=\"divider.default\">\n\t\t\t\t<div class=\"elementor-widget-container\">\n\t\t\t\t\t\t\t<div class=\"elementor-divider\">\n\t\t\t<span class=\"elementor-divider-separator\">\n\t\t\t\t\t\t<\/span>\n\t\t<\/div>\n\t\t\t\t\t\t<\/div>\n\t\t\t\t<\/div>\n\t\t\t\t\t<\/div>\n\t\t<\/div>\n\t\t\t\t\t<\/div>\n\t\t<\/section>\n\t\t\t\t<section class=\"elementor-section elementor-top-section elementor-element elementor-element-c60d02f elementor-section-boxed elementor-section-height-default elementor-section-height-default\" data-id=\"c60d02f\" data-element_type=\"section\" data-e-type=\"section\">\n\t\t\t\t\t\t<div class=\"elementor-container elementor-column-gap-default\">\n\t\t\t\t\t<div class=\"elementor-column elementor-col-100 elementor-top-column elementor-element elementor-element-ed4a049\" data-id=\"ed4a049\" data-element_type=\"column\" data-e-type=\"column\">\n\t\t\t<div class=\"elementor-widget-wrap elementor-element-populated\">\n\t\t\t\t\t\t<div class=\"elementor-element elementor-element-6aec0df elementor-widget elementor-widget-heading\" data-id=\"6aec0df\" data-element_type=\"widget\" data-e-type=\"widget\" data-widget_type=\"heading.default\">\n\t\t\t\t<div class=\"elementor-widget-container\">\n\t\t\t\t\t<h2 class=\"elementor-heading-title elementor-size-default\"><p data-start=\"925\" data-end=\"953\"><strong data-start=\"925\" data-end=\"951\">REDUZIERTE DATENSCHUTZBESTIMMUNGEN<\/strong><\/p><p data-start=\"955\" data-end=\"1303\">Alcudia Bay Boat Rental ist Eigentum von Ricardo Solis Pericas, 43124588W, Antonio Marques 10, Palma, 07003, SPAIN.<br data-start=\"1068\" data-end=\"1071\">In \u00dcbereinstimmung mit den Bestimmungen des Gesetzes 25 vom Mai 2018, Schutz personenbezogener Daten, informieren wir Sie, dass die von Ihnen angegebenen Daten verarbeitet und in eine Datei aufgenommen werden, die ALCUDIA BAY BOAT RENTAL (Ricardo Solis Pericas) geh\u00f6rt.<\/p><p data-start=\"1305\" data-end=\"1335\">Die Verwendung der Daten wird sein:<\/p><ol data-start=\"1336\" data-end=\"1467\"><li data-start=\"1336\" data-end=\"1381\">Wir k\u00fcmmern uns um alle Ihre Fragen und Anliegen.<\/li><li data-start=\"1382\" data-end=\"1420\">Zur Erbringung der gew\u00fcnschten Dienstleistung.<\/li><li data-start=\"1421\" data-end=\"1467\">Um Ihnen eine <strong data-start=\"1439\" data-end=\"1464\">gelegentlicher Newsletter<\/strong>.<\/li><\/ol>Die Daten werden so lange gespeichert, bis Sie die Abmeldung beantragen. Sie k\u00f6nnen Ihr Recht auf Zugang, Berichtigung, L\u00f6schung und Widerspruch zu Ihren personenbezogenen Daten per E-Mail an folgende Adresse aus\u00fcben <strong data-start=\"1647\" data-end=\"1679\"><a data-start=\"1649\" data-end=\"1677\" rel=\"noopener\">info@alcudia-boat-rental.com<\/a><\/strong>.<br><br>Denken Sie daran, dass wir niemals sensible Daten wie Passw\u00f6rter oder Bankdaten speichern.<\/h2>\t\t\t\t<\/div>\n\t\t\t\t<\/div>\n\t\t\t\t<div class=\"elementor-element elementor-element-7c05539 elementor-widget-divider--view-line elementor-widget elementor-widget-divider\" data-id=\"7c05539\" data-element_type=\"widget\" data-e-type=\"widget\" data-widget_type=\"divider.default\">\n\t\t\t\t<div class=\"elementor-widget-container\">\n\t\t\t\t\t\t\t<div class=\"elementor-divider\">\n\t\t\t<span class=\"elementor-divider-separator\">\n\t\t\t\t\t\t<\/span>\n\t\t<\/div>\n\t\t\t\t\t\t<\/div>\n\t\t\t\t<\/div>\n\t\t\t\t<div class=\"elementor-element elementor-element-fa63f0f elementor-widget elementor-widget-heading\" data-id=\"fa63f0f\" data-element_type=\"widget\" data-e-type=\"widget\" data-widget_type=\"heading.default\">\n\t\t\t\t<div class=\"elementor-widget-container\">\n\t\t\t\t\t<h2 class=\"elementor-heading-title elementor-size-default\">VOLLST\u00c4NDIGE DATENSCHUTZRICHTLINIE<\/h2>\t\t\t\t<\/div>\n\t\t\t\t<\/div>\n\t\t\t\t<div class=\"elementor-element elementor-element-27ebc34 elementor-widget elementor-widget-heading\" data-id=\"27ebc34\" data-element_type=\"widget\" data-e-type=\"widget\" data-widget_type=\"heading.default\">\n\t\t\t\t<div class=\"elementor-widget-container\">\n\t\t\t\t\t<h2 class=\"elementor-heading-title elementor-size-default\"><br><br><h2 style=\"margin-bottom: 0px;border: 0px;font-size: 1.25em;line-height: 1.75em;, sans-serif;vertical-align: baseline;text-transform: uppercase;letter-spacing: 8px\"><strong style=\"margin: 0px;padding: 0px;border: 0px;font-style: inherit;font-variant: inherit;font-size: inherit;line-height: inherit;font-family: inherit;vertical-align: baseline\">1. Datenschutz im \u00dcberblick<\/strong><\/h2><h3 style=\"margin-bottom: 0px;padding-top: 0px;border: 0px;font-size: 1em;line-height: 1.75em;, sans-serif;vertical-align: baseline;text-transform: uppercase;letter-spacing: 5px\"><strong style=\"margin: 0px;padding: 0px;border: 0px;font-style: inherit;font-variant: inherit;font-size: inherit;line-height: inherit;font-family: inherit;vertical-align: baseline\">Allgemeine Informationen<\/strong><\/h3><p style=\"margin-bottom: 1em;border: 0px;font-weight: 300;font-size: 21.3333px;line-height: inherit;, sans-serif;vertical-align: baseline;letter-spacing: 1px\">Die folgenden Informationen geben einen einfachen \u00dcberblick dar\u00fcber, was mit Ihren personenbezogenen Daten passiert, wenn Sie diese Website besuchen. Personenbezogene Daten sind alle Daten, mit denen Sie pers\u00f6nlich identifiziert werden k\u00f6nnen. Ausf\u00fchrliche Informationen zum Datenschutz finden Sie in unserer Datenschutzrichtlinie, die unter diesem Text aufgef\u00fchrt ist.<\/p><h3 style=\"margin-bottom: 0px;padding-top: 0px;border: 0px;font-size: 1em;line-height: 1.75em;, sans-serif;vertical-align: baseline;text-transform: uppercase;letter-spacing: 5px\"><strong style=\"margin: 0px;padding: 0px;border: 0px;font-style: inherit;font-variant: inherit;font-size: inherit;line-height: inherit;font-family: inherit;vertical-align: baseline\">Datenerfassung auf dieser Website<\/strong><\/h3><h4 style=\"margin-bottom: 0px;padding-top: 0px;border: 0px;font-weight: 400;font-size: 21.3333px;line-height: 1.75em;, sans-serif;vertical-align: baseline;text-transform: uppercase;letter-spacing: 1px\"><strong style=\"margin: 0px;padding: 0px;border: 0px;font-style: inherit;font-variant: inherit;font-size: inherit;line-height: inherit;font-family: inherit;vertical-align: baseline\">Wer ist f\u00fcr die Datenerfassung auf dieser Website verantwortlich?<\/strong><\/h4><p style=\"margin-bottom: 1em;border: 0px;font-weight: 300;font-size: 21.3333px;line-height: inherit;, sans-serif;vertical-align: baseline;letter-spacing: 1px\">Die Datenverarbeitung auf dieser Website erfolgt durch den Betreiber der Website. Die Kontaktdaten finden Sie im Abschnitt&nbsp;<em style=\"margin: 0px;padding: 0px;border: 0px;font-variant: inherit;font-weight: inherit;font-size: inherit;line-height: inherit;font-family: inherit;vertical-align: baseline\">\u201cBekanntmachung \u00fcber die zust\u00e4ndige Stelle\u201d<\/em>&nbsp;in dieser Datenschutzrichtlinie.<\/p><h4 style=\"margin-bottom: 0px;padding-top: 0px;border: 0px;font-weight: 400;font-size: 21.3333px;line-height: 1.75em;, sans-serif;vertical-align: baseline;text-transform: uppercase;letter-spacing: 1px\"><strong style=\"margin: 0px;padding: 0px;border: 0px;font-style: inherit;font-variant: inherit;font-size: inherit;line-height: inherit;font-family: inherit;vertical-align: baseline\">Wie sammeln wir Ihre Daten?<\/strong><\/h4><p style=\"margin-bottom: 1em;border: 0px;font-weight: 300;font-size: 21.3333px;line-height: inherit;, sans-serif;vertical-align: baseline;letter-spacing: 1px\">Einige Ihrer Daten werden erfasst, wenn Sie sie uns zur Verf\u00fcgung stellen. Dazu k\u00f6nnen Daten geh\u00f6ren, die Sie in ein Kontaktformular eingeben.<\/p><p style=\"margin-bottom: 1em;border: 0px;font-weight: 300;font-size: 21.3333px;line-height: inherit;, sans-serif;vertical-align: baseline;letter-spacing: 1px\">Andere Daten werden automatisch oder mit Ihrer Zustimmung beim Besuch der Website durch unsere IT-Systeme erfasst. Dabei handelt es sich in erster Linie um technische Daten (z.B. Internet-Browser, Betriebssystem oder Zeitpunkt des Seitenaufrufs). Die Erfassung dieser Daten erfolgt automatisch, sobald Sie diese Website betreten.<\/p><h4 style=\"margin-bottom: 0px;padding-top: 0px;border: 0px;font-weight: 400;font-size: 21.3333px;line-height: 1.75em;, sans-serif;vertical-align: baseline;text-transform: uppercase;letter-spacing: 1px\"><strong style=\"margin: 0px;padding: 0px;border: 0px;font-style: inherit;font-variant: inherit;font-size: inherit;line-height: inherit;font-family: inherit;vertical-align: baseline\">Wozu verwenden wir Ihre Daten?<\/strong><\/h4><p style=\"margin-bottom: 1em;border: 0px;font-weight: 300;font-size: 21.3333px;line-height: inherit;, sans-serif;vertical-align: baseline;letter-spacing: 1px\">Ein Teil der Daten wird erhoben, um die fehlerfreie Bereitstellung der Website zu gew\u00e4hrleisten. Andere Daten k\u00f6nnen zur Analyse Ihres Nutzerverhaltens verwendet werden. Sofern \u00fcber die Website Vertr\u00e4ge abgeschlossen oder angebahnt werden k\u00f6nnen, werden die \u00fcbermittelten Daten auch f\u00fcr Vertragsangebote, Bestellungen oder sonstige Serviceanfragen verarbeitet.<\/p><h4 style=\"margin-bottom: 0px;padding-top: 0px;border: 0px;font-weight: 400;font-size: 21.3333px;line-height: 1.75em;, sans-serif;vertical-align: baseline;text-transform: uppercase;letter-spacing: 1px\"><strong style=\"margin: 0px;padding: 0px;border: 0px;font-style: inherit;font-variant: inherit;font-size: inherit;line-height: inherit;font-family: inherit;vertical-align: baseline\">Welche Rechte haben Sie in Bezug auf Ihre Daten?<\/strong><\/h4><p style=\"margin-bottom: 1em;border: 0px;font-weight: 300;font-size: 21.3333px;line-height: inherit;, sans-serif;vertical-align: baseline;letter-spacing: 1px\">Sie haben jederzeit das Recht, unentgeltlich Auskunft \u00fcber Herkunft, Empf\u00e4nger und Zweck Ihrer gespeicherten personenbezogenen Daten zu erhalten. Sie haben au\u00dferdem das Recht, die Berichtigung oder L\u00f6schung dieser Daten zu verlangen. Wenn Sie in die Datenverarbeitung eingewilligt haben, k\u00f6nnen Sie diese Einwilligung jederzeit mit Wirkung f\u00fcr die Zukunft widerrufen. Au\u00dferdem haben Sie das Recht, unter bestimmten Umst\u00e4nden die Einschr\u00e4nkung der Verarbeitung Ihrer personenbezogenen Daten zu verlangen. Au\u00dferdem haben Sie das Recht, eine Beschwerde bei der zust\u00e4ndigen Aufsichtsbeh\u00f6rde einzureichen.<\/p><p style=\"margin-bottom: 1em;border: 0px;font-weight: 300;font-size: 21.3333px;line-height: inherit;, sans-serif;vertical-align: baseline;letter-spacing: 1px\">Hierzu und zu weiteren Fragen zum Thema \"Datenschutz\" k\u00f6nnen Sie sich jederzeit an uns wenden.<\/p><h3 style=\"margin-bottom: 0px;padding-top: 0px;border: 0px;font-size: 1em;line-height: 1.75em;, sans-serif;vertical-align: baseline;text-transform: uppercase;letter-spacing: 5px\"><strong style=\"margin: 0px;padding: 0px;border: 0px;font-style: inherit;font-variant: inherit;font-size: inherit;line-height: inherit;font-family: inherit;vertical-align: baseline\">Analysen und Tools von Drittanbietern<\/strong><\/h3><p style=\"margin-bottom: 1em;border: 0px;font-weight: 300;font-size: 21.3333px;line-height: inherit;, sans-serif;vertical-align: baseline;letter-spacing: 1px\">Beim Besuch dieser Website kann Ihr Surfverhalten statistisch ausgewertet werden. Dies geschieht vor allem mit sogenannten Analyseprogrammen.<\/p><p style=\"margin-bottom: 1em;border: 0px;font-weight: 300;font-size: 21.3333px;line-height: inherit;, sans-serif;vertical-align: baseline;letter-spacing: 1px\">Ausf\u00fchrliche Informationen zu diesen Analyseprogrammen finden Sie in der folgenden Datenschutzerkl\u00e4rung.<\/p><h2 style=\"margin-bottom: 0px;padding-top: 0px;border: 0px;font-size: 1.25em;line-height: 1.75em;, sans-serif;vertical-align: baseline;text-transform: uppercase;letter-spacing: 8px\">2. Hosting<\/h2><p style=\"margin-bottom: 1em;border: 0px;font-weight: 300;font-size: 21.3333px;line-height: inherit;, sans-serif;vertical-align: baseline;letter-spacing: 1px\">Wir hosten den Inhalt unserer Website bei folgendem Anbieter:<\/p><p style=\"margin-bottom: 1em;border: 0px;font-weight: 300;font-size: 21.3333px;line-height: inherit;, sans-serif;vertical-align: baseline;letter-spacing: 1px\"><strong style=\"margin: 0px;padding: 0px;border: 0px;font-style: inherit;font-variant: inherit;font-size: inherit;line-height: inherit;font-family: inherit;vertical-align: baseline\">IONOS<\/strong><br>Anbieter ist die IONOS SE, Elgendorfer Str. 57, 56410 Montabaur (nachfolgend IONOS genannt). Wenn Sie unsere Website besuchen, erhebt IONOS verschiedene Protokolldateien, einschlie\u00dflich Ihrer IP-Adressen. Einzelheiten entnehmen Sie bitte den Datenschutzbestimmungen von IONOS:&nbsp;<a href=\"https:\/\/www.ionos.de\/terms-gtc\/terms-privacy\" target=\"_blank\" title=\"\" style=\"margin: 0px;padding: 0px;border: 0px;font: inherit;vertical-align: baseline\">https:\/\/www.ionos.de\/terms-gtc\/terms-privacy<\/a>.<\/p><p style=\"margin-bottom: 1em;border: 0px;font-weight: 300;font-size: 21.3333px;line-height: inherit;, sans-serif;vertical-align: baseline;letter-spacing: 1px\">Die Nutzung von IONOS erfolgt auf der Grundlage von Artikel 6 Absatz 1 Buchstabe f der Datenschutz-Grundverordnung. Wir haben ein berechtigtes Interesse an einer m\u00f6glichst zuverl\u00e4ssigen Darstellung unserer Website. Sofern eine Einwilligung eingeholt wurde, soweit die Einwilligung die Speicherung von Cookies oder den Zugriff auf Informationen \u00fcber das Ger\u00e4t des Nutzers (z.B. Device Fingerprinting) nach dem TDDG umfasst. Die Einwilligung kann jederzeit widerrufen werden.<\/p><h2 style=\"margin-bottom: 0px;padding-top: 0px;border: 0px;font-size: 1.25em;line-height: 1.75em;, sans-serif;vertical-align: baseline;text-transform: uppercase;letter-spacing: 8px\">3. Allgemeine Informationen und obligatorische Informationen<\/h2><p style=\"margin-bottom: 1em;border: 0px;font-weight: 300;font-size: 21.3333px;line-height: inherit;, sans-serif;vertical-align: baseline;letter-spacing: 1px\"><strong style=\"margin: 0px;padding: 0px;border: 0px;font-style: inherit;font-variant: inherit;font-size: inherit;line-height: inherit;font-family: inherit;vertical-align: baseline\">Datenschutz<\/strong><br>Die Betreiber dieser Seiten nehmen den Schutz Ihrer pers\u00f6nlichen Daten sehr ernst. Wir behandeln Ihre personenbezogenen Daten vertraulich und entsprechend der gesetzlichen Datenschutzvorschriften sowie dieser Datenschutzerkl\u00e4rung.<br style=\"margin-bottom: 0px\">Wenn Sie diese Website nutzen, werden verschiedene personenbezogene Daten erhoben. Personenbezogene Daten sind Daten, die dazu genutzt werden k\u00f6nnen, Sie pers\u00f6nlich zu identifizieren. Diese Datenschutzerkl\u00e4rung erl\u00e4utert, welche Daten wir sammeln und wie wir sie verwenden. Sie erkl\u00e4rt auch, wie und zu welchem Zweck dies geschieht.<\/p><p style=\"margin-bottom: 1em;border: 0px;font-weight: 300;font-size: 21.3333px;line-height: inherit;, sans-serif;vertical-align: baseline;letter-spacing: 1px\">Wir weisen darauf hin, dass die Daten\u00fcbertragung im Internet (z.B. bei der Kommunikation per E-Mail) Sicherheitsl\u00fccken aufweisen kann. Ein l\u00fcckenloser Schutz der Daten vor dem Zugriff durch Dritte ist nicht m\u00f6glich.<\/p><h3 style=\"margin-bottom: 0px;padding-top: 0px;border: 0px;font-size: 1em;line-height: 1.75em;, sans-serif;vertical-align: baseline;text-transform: uppercase;letter-spacing: 5px\">Hinweis zur verantwortlichen Partei<\/h3><p style=\"margin-bottom: 1em;border: 0px;font-weight: 300;font-size: 21.3333px;line-height: inherit;, sans-serif;vertical-align: baseline;letter-spacing: 1px\">Der Verantwortliche f\u00fcr die Datenverarbeitung auf dieser Website ist:<br><strong style=\"margin: 0px;padding: 0px;border: 0px;font-style: inherit;font-variant: inherit;font-size: inherit;line-height: inherit;font-family: inherit;vertical-align: baseline\">Ricardo Solis Pericas<\/strong><br>Antonio Marques 10.<br>07003. Mallorca<br>Telefon: 620257031<br style=\"margin-bottom: 0px\">E-Mail: info@alcudia-boat-rental.com<\/p><p style=\"margin-bottom: 1em;border: 0px;font-weight: 300;font-size: 21.3333px;line-height: inherit;, sans-serif;vertical-align: baseline;letter-spacing: 1px\">Der Verantwortliche ist die nat\u00fcrliche oder juristische Person, die allein oder gemeinsam mit anderen \u00fcber die Zwecke und Mittel der Verarbeitung personenbezogener Daten (z. B. Namen, E-Mail-Adressen usw.) entscheidet.<\/p><h3 style=\"margin-bottom: 0px;padding-top: 0px;border: 0px;font-size: 1em;line-height: 1.75em;, sans-serif;vertical-align: baseline;text-transform: uppercase;letter-spacing: 5px\">Lagerung Dauer<\/h3><p style=\"margin-bottom: 1em;border: 0px;font-weight: 300;font-size: 21.3333px;line-height: inherit;, sans-serif;vertical-align: baseline;letter-spacing: 1px\">Solange in dieser Datenschutzerkl\u00e4rung keine genauere Speicherdauer genannt wird, verbleiben Ihre personenbezogenen Daten bei uns, bis der Zweck der Datenverarbeitung entf\u00e4llt. Wenn Sie einen berechtigten Antrag auf L\u00f6schung stellen oder Ihre Einwilligung zur Datenverarbeitung widerrufen, werden Ihre Daten gel\u00f6scht, sofern wir nicht andere gesetzlich zul\u00e4ssige Gr\u00fcnde f\u00fcr die Speicherung Ihrer personenbezogenen Daten haben (z. B. steuer- oder handelsrechtliche Aufbewahrungsfristen); im letzteren Fall erfolgt die L\u00f6schung nach Wegfall dieser Gr\u00fcnde.<\/p><h3 style=\"margin-bottom: 0px;padding-top: 0px;border: 0px;font-size: 1em;line-height: 1.75em;, sans-serif;vertical-align: baseline;text-transform: uppercase;letter-spacing: 5px\">Allgemeine Informationen zu den Rechtsgrundlagen der Datenverarbeitung auf dieser Website<\/h3><p style=\"margin-bottom: 1em;border: 0px;font-weight: 300;font-size: 21.3333px;line-height: inherit;, sans-serif;vertical-align: baseline;letter-spacing: 1px\">Wenn Sie in die Datenverarbeitung eingewilligt haben. 2 Buchstabe a DSGVO, wenn besondere Kategorien von Daten verarbeitet werden. Im Falle einer ausdr\u00fccklichen Einwilligung in die \u00dcbermittlung personenbezogener Daten in Drittl\u00e4nder erfolgt ebenfalls eine Datenverarbeitung. Wenn Sie in die Speicherung von Cookies oder in den Zugriff auf Informationen \u00fcber Ihr Ger\u00e4t (z.B. \u00fcber Device Fingerprinting) eingewilligt haben. Die Einwilligung kann jederzeit widerrufen werden. Wenn Ihre Daten zur Vertragserf\u00fcllung oder zur Durchf\u00fchrung vorvertraglicher Ma\u00dfnahmen erforderlich sind, verarbeiten wir Ihre Daten. Dar\u00fcber hinaus verarbeiten wir Ihre Daten, wenn dies zur Erf\u00fcllung einer gesetzlichen Verpflichtung erforderlich ist.<\/p><h3 style=\"margin-bottom: 0px;padding-top: 0px;border: 0px;font-size: 1em;line-height: 1.75em;, sans-serif;vertical-align: baseline;text-transform: uppercase;letter-spacing: 5px\">Empf\u00e4nger von personenbezogenen Daten<\/h3><p style=\"margin-bottom: 1em;border: 0px;font-weight: 300;font-size: 21.3333px;line-height: inherit;, sans-serif;vertical-align: baseline;letter-spacing: 1px\">Im Rahmen unserer Gesch\u00e4ftsaktivit\u00e4ten arbeiten wir mit verschiedenen externen Stellen zusammen. Dies erfordert teilweise die \u00dcbermittlung von personenbezogenen Daten an diese externen Stellen. Wir geben personenbezogene Daten nur dann an externe Stellen weiter, wenn dies f\u00fcr die Erf\u00fcllung eines Vertrages erforderlich ist, wenn wir gesetzlich dazu verpflichtet sind (z. B. \u00dcbermittlung von Daten an Steuerbeh\u00f6rden), wenn wir ein berechtigtes Interesse an der \u00dcbermittlung haben oder wenn eine andere Rechtsgrundlage die Daten\u00fcbermittlung erlaubt. Beim Einsatz von Auftragsverarbeitern geben wir personenbezogene Daten unserer Kunden nur auf der Grundlage eines g\u00fcltigen Datenverarbeitungsvertrages weiter. Im Falle einer gemeinsamen Verarbeitung wird ein gemeinsamer Verarbeitungsvertrag geschlossen.<\/p><h3 style=\"margin-bottom: 0px;padding-top: 0px;border: 0px;font-size: 1em;line-height: 1.75em;, sans-serif;vertical-align: baseline;text-transform: uppercase;letter-spacing: 5px\">Widerruf Ihrer Zustimmung zur Datenverarbeitung<\/h3><p style=\"margin-bottom: 1em;border: 0px;font-weight: 300;font-size: 21.3333px;line-height: inherit;, sans-serif;vertical-align: baseline;letter-spacing: 1px\">Viele Datenverarbeitungsvorg\u00e4nge sind nur mit Ihrer ausdr\u00fccklichen Zustimmung m\u00f6glich. Eine erteilte Einwilligung k\u00f6nnen Sie jederzeit widerrufen. Die Rechtm\u00e4\u00dfigkeit der bis zum Widerruf erfolgten Datenverarbeitung bleibt vom Widerruf unber\u00fchrt.<\/p><h3 style=\"margin-bottom: 0px;padding-top: 0px;border: 0px;font-size: 1em;line-height: 1.75em;, sans-serif;vertical-align: baseline;text-transform: uppercase;letter-spacing: 5px\">Recht auf Widerspruch gegen die Datenerhebung in besonderen F\u00e4llen und gegen Direktmarketing<\/h3><p style=\"margin-bottom: 1em;border: 0px;font-weight: 300;font-size: 21.3333px;line-height: inherit;, sans-serif;vertical-align: baseline;letter-spacing: 1px\"><strong style=\"margin: 0px;padding: 0px;border: 0px;font-style: inherit;font-variant: inherit;font-size: inherit;line-height: inherit;font-family: inherit;vertical-align: baseline\">SIE HABEN DAS RECHT, AUS GR\u00dcNDEN, DIE SICH AUS IHRER BESONDEREN SITUATION ERGEBEN, JEDERZEIT GEGEN DIE VERARBEITUNG IHRER PERSONENBEZOGENEN DATEN WIDERSPRUCH EINZULEGEN; DIES GILT AUCH F\u00dcR EIN AUF DIESE BESTIMMUNGEN GEST\u00dcTZTES PROFILING.<\/strong><br style=\"margin-bottom: 0px\">Die jeweilige Rechtsgrundlage f\u00fcr die Verarbeitung, auf die sich dies st\u00fctzt, ist in dieser Datenschutzerkl\u00e4rung angegeben. Wenn Sie widersprechen, werden wir Ihre betroffenen personenbezogenen Daten nicht mehr verarbeiten, es sei denn, wir k\u00f6nnen zwingende schutzw\u00fcrdige Gr\u00fcnde f\u00fcr die Verarbeitung nachweisen, die Ihre Interessen, Rechte und Freiheiten \u00fcberwiegen, oder die Verarbeitung dient der Geltendmachung, Aus\u00fcbung oder Verteidigung von Rechtsanspr\u00fcchen. .<\/p><p style=\"margin-bottom: 1em;border: 0px;font-weight: 300;font-size: 21.3333px;line-height: inherit;, sans-serif;vertical-align: baseline;letter-spacing: 1px\">Werden Ihre personenbezogenen Daten f\u00fcr Zwecke der Direktwerbung verarbeitet, so haben Sie das Recht, jederzeit Widerspruch gegen die Verarbeitung Ihrer personenbezogenen Daten zum Zwecke derartiger Werbung einzulegen; dies gilt auch f\u00fcr das Profiling, soweit es mit solcher Direktwerbung in Verbindung steht. Wenn Sie widersprechen, werden Ihre personenbezogenen Daten nicht mehr f\u00fcr Direktmarketingzwecke verwendet. .<\/p><h3 style=\"margin-bottom: 0px;padding-top: 0px;border: 0px;font-size: 1em;line-height: 1.75em;, sans-serif;vertical-align: baseline;text-transform: uppercase;letter-spacing: 5px\">Recht auf Einreichung einer Beschwerde bei der Aufsichtsbeh\u00f6rde<\/h3><p style=\"margin-bottom: 1em;border: 0px;font-weight: 300;font-size: 21.3333px;line-height: inherit;, sans-serif;vertical-align: baseline;letter-spacing: 1px\">Bei Verst\u00f6\u00dfen gegen die DSGVO haben die Betroffenen das Recht, sich bei einer Aufsichtsbeh\u00f6rde zu beschweren, insbesondere in dem Mitgliedstaat ihres gew\u00f6hnlichen Aufenthalts, ihres Arbeitsplatzes oder des Ortes des mutma\u00dflichen Versto\u00dfes. Das Recht, eine Beschwerde einzureichen, l\u00e4sst andere verwaltungsrechtliche oder gerichtliche Rechtsbehelfe unber\u00fchrt.<\/p><h3 style=\"margin-bottom: 0px;padding-top: 0px;border: 0px;font-size: 1em;line-height: 1.75em;, sans-serif;vertical-align: baseline;text-transform: uppercase;letter-spacing: 5px\">Recht auf Daten\u00fcbertragbarkeit<\/h3><p style=\"margin-bottom: 1em;border: 0px;font-weight: 300;font-size: 21.3333px;line-height: inherit;, sans-serif;vertical-align: baseline;letter-spacing: 1px\">Sie haben das Recht, dass Daten, die wir aufgrund Ihrer Einwilligung oder in Erf\u00fcllung eines Vertrages automatisiert verarbeiten, an Sie oder einen Dritten in einem g\u00e4ngigen, maschinenlesbaren Format \u00fcbermittelt werden. Wenn Sie die direkte \u00dcbermittlung von Daten an einen anderen Verantwortlichen verlangen, erfolgt dies nur, wenn es technisch machbar ist.<\/p><h3 style=\"margin-bottom: 0px;padding-top: 0px;border: 0px;font-size: 1em;line-height: 1.75em;, sans-serif;vertical-align: baseline;text-transform: uppercase;letter-spacing: 5px\">Zugang, Berichtigung und L\u00f6schung<\/h3><p style=\"margin-bottom: 1em;border: 0px;font-weight: 300;font-size: 21.3333px;line-height: inherit;, sans-serif;vertical-align: baseline;letter-spacing: 1px\">Sie haben jederzeit das Recht auf unentgeltliche Auskunft \u00fcber Ihre gespeicherten personenbezogenen Daten, deren Herkunft und Empf\u00e4nger und den Zweck der Datenverarbeitung sowie ggf. ein Recht auf Berichtigung oder L\u00f6schung dieser Daten. Hierzu sowie zu weiteren Fragen zum Thema personenbezogene Daten k\u00f6nnen Sie sich jederzeit an uns wenden.<\/p><h3 style=\"margin-bottom: 0px;padding-top: 0px;border: 0px;font-size: 1em;line-height: 1.75em;, sans-serif;vertical-align: baseline;text-transform: uppercase;letter-spacing: 5px\">Recht auf Einschr\u00e4nkung der Verarbeitung<\/h3><p style=\"margin-bottom: 1em;border: 0px;font-weight: 300;font-size: 21.3333px;line-height: inherit;, sans-serif;vertical-align: baseline;letter-spacing: 1px\">Sie haben das Recht, die Einschr\u00e4nkung der Verarbeitung Ihrer personenbezogenen Daten zu verlangen. Dazu k\u00f6nnen Sie sich jederzeit an uns wenden. Das Recht auf Einschr\u00e4nkung der Verarbeitung besteht in den folgenden F\u00e4llen:<\/p><ul style=\"margin-bottom: 1em;border: 0px;font-weight: 300;font-size: 21.3333px;line-height: inherit;, sans-serif;vertical-align: baseline;list-style-type: none;letter-spacing: 1px\"><li style=\"margin: 0px;padding: 0px;border: 0px;font: inherit;vertical-align: baseline\">Wenn Sie die Richtigkeit Ihrer bei uns gespeicherten personenbezogenen Daten bestreiten, ben\u00f6tigen wir in der Regel Zeit, um diese zu \u00fcberpr\u00fcfen. F\u00fcr die Dauer der \u00dcberpr\u00fcfung haben Sie das Recht, die Einschr\u00e4nkung der Verarbeitung Ihrer personenbezogenen Daten zu verlangen.<\/li><li style=\"margin: 0px;padding: 0px;border: 0px;font: inherit;vertical-align: baseline\">Wenn die Verarbeitung Ihrer personenbezogenen Daten unrechtm\u00e4\u00dfig war, k\u00f6nnen Sie anstelle der L\u00f6schung die Einschr\u00e4nkung der Datenverarbeitung verlangen.<\/li><li style=\"margin: 0px;padding: 0px;border: 0px;font: inherit;vertical-align: baseline\">Wenn wir Ihre personenbezogenen Daten nicht mehr ben\u00f6tigen, Sie diese aber zur Geltendmachung, Aus\u00fcbung oder Verteidigung von Rechtsanspr\u00fcchen ben\u00f6tigen, haben Sie das Recht, anstelle der L\u00f6schung die Einschr\u00e4nkung der Verarbeitung Ihrer personenbezogenen Daten zu verlangen.<\/li><li style=\"margin: 0px;padding: 0px;border: 0px;font: inherit;vertical-align: baseline\">Wenn Sie Widerspruch eingelegt haben, muss eine Abw\u00e4gung zwischen Ihren und unseren Interessen vorgenommen werden. Solange nicht klar ist, wessen Interessen \u00fcberwiegen, haben Sie das Recht, die Einschr\u00e4nkung der Verarbeitung Ihrer personenbezogenen Daten zu verlangen.<\/li><\/ul><p style=\"margin-bottom: 1em;border: 0px;font-weight: 300;font-size: 21.3333px;line-height: inherit;, sans-serif;vertical-align: baseline;letter-spacing: 1px\">Wenn Sie die Verarbeitung Ihrer personenbezogenen Daten eingeschr\u00e4nkt haben, d\u00fcrfen diese Daten - mit Ausnahme der Speicherung - nur mit Ihrer Einwilligung oder zur Begr\u00fcndung, Aus\u00fcbung oder Verteidigung von Rechtsanspr\u00fcchen oder zum Schutz der Rechte einer anderen nat\u00fcrlichen oder juristischen Person oder aus Gr\u00fcnden eines wichtigen \u00f6ffentlichen Interesses der Europ\u00e4ischen Union oder eines Mitgliedstaats verarbeitet werden.<\/p><h3 style=\"margin-bottom: 0px;padding-top: 0px;border: 0px;font-size: 1em;line-height: 1.75em;, sans-serif;vertical-align: baseline;text-transform: uppercase;letter-spacing: 5px\">SSL- oder TLS-Verschl\u00fcsselung<\/h3><p style=\"margin-bottom: 1em;border: 0px;font-weight: 300;font-size: 21.3333px;line-height: inherit;, sans-serif;vertical-align: baseline;letter-spacing: 1px\">Diese Seite verwendet aus Sicherheitsgr\u00fcnden und zum Schutz der \u00dcbertragung vertraulicher Inhalte, wie z.B. Bestellungen oder Anfragen, die Sie an uns als Seitenbetreiber senden, eine SSL- oder TLS-Verschl\u00fcsselung. Eine verschl\u00fcsselte Verbindung erkennen Sie daran, dass in der Adresszeile Ihres Browsers der Schriftzug von \"http:\/\/\" auf \"https:\/\/\" wechselt und das Schloss-Symbol in der Adresszeile Ihres Browsers erscheint.<br style=\"margin-bottom: 0px\">Wenn die SSL- oder TLS-Verschl\u00fcsselung aktiviert ist, k\u00f6nnen die Daten, die Sie uns \u00fcbermitteln, nicht von Dritten gelesen werden.<\/p><h3 style=\"margin-bottom: 0px;padding-top: 0px;border: 0px;font-size: 1em;line-height: 1.75em;, sans-serif;vertical-align: baseline;text-transform: uppercase;letter-spacing: 5px\">Einspruch gegen Werbe-E-Mails<\/h3><p style=\"margin-bottom: 1em;border: 0px;font-weight: 300;font-size: 21.3333px;line-height: inherit;, sans-serif;vertical-align: baseline;letter-spacing: 1px\">Der Nutzung von im Rahmen der Impressumspflicht ver\u00f6ffentlichten Kontaktdaten zur \u00dcbersendung von nicht ausdr\u00fccklich angeforderter Werbung und Informationsmaterialien wird hiermit widersprochen. Die Betreiber der Seiten behalten sich ausdr\u00fccklich rechtliche Schritte im Falle der unverlangten Zusendung von Werbeinformationen, etwa durch Spam-Mails, vor.<\/p><h2 style=\"margin-bottom: 0px;padding-top: 0px;border: 0px;font-size: 1.25em;line-height: 1.75em;, sans-serif;vertical-align: baseline;text-transform: uppercase;letter-spacing: 8px\">4. Datenerhebung auf dieser Website<\/h2><p style=\"margin-bottom: 1em;border: 0px;font-weight: 300;font-size: 21.3333px;line-height: inherit;, sans-serif;vertical-align: baseline;letter-spacing: 1px\">6 \/ 11<\/p><h3 style=\"margin-bottom: 0px;padding-top: 0px;border: 0px;font-size: 1em;line-height: 1.75em;, sans-serif;vertical-align: baseline;text-transform: uppercase;letter-spacing: 5px\">Cookies<\/h3><p style=\"margin-bottom: 1em;border: 0px;font-weight: 300;font-size: 21.3333px;line-height: inherit;, sans-serif;vertical-align: baseline;letter-spacing: 1px\">Unsere Websites verwenden sogenannte \u201cCookies\u201d. Cookies sind kleine Datenpakete, die Ihr Ger\u00e4t nicht besch\u00e4digen. Sie werden entweder vor\u00fcbergehend f\u00fcr die Dauer einer Sitzung (Session-Cookies) oder dauerhaft (persistente Cookies) auf Ihrem Ger\u00e4t gespeichert. Sitzungs-Cookies werden nach Beendigung Ihres Besuchs automatisch gel\u00f6scht. Dauerhafte Cookies bleiben auf Ihrem Ger\u00e4t gespeichert, bis Sie sie selbst l\u00f6schen oder eine automatische L\u00f6schung \u00fcber Ihren Webbrowser erfolgt.<\/p><p style=\"margin-bottom: 1em;border: 0px;font-weight: 300;font-size: 21.3333px;line-height: inherit;, sans-serif;vertical-align: baseline;letter-spacing: 1px\">Cookies k\u00f6nnen entweder von uns (First-Party-Cookies) oder von Dritten (sogenannte Third-Party-Cookies) stammen. Third-Party-Cookies erm\u00f6glichen die Integration bestimmter Dienste von Dritten innerhalb von Websites (z. B. Cookies zur Abwicklung von Zahlungsdiensten).<\/p><p style=\"margin-bottom: 1em;border: 0px;font-weight: 300;font-size: 21.3333px;line-height: inherit;, sans-serif;vertical-align: baseline;letter-spacing: 1px\">Cookies haben verschiedene Funktionen. Viele Cookies sind technisch notwendig, da bestimmte Funktionen der Website ohne sie nicht funktionieren w\u00fcrden (z. B. Warenkorbfunktionen oder Videoanzeigen). Andere Cookies k\u00f6nnen zur Analyse des Nutzerverhaltens oder f\u00fcr Werbezwecke verwendet werden.<\/p><p style=\"margin-bottom: 1em;border: 0px;font-weight: 300;font-size: 21.3333px;line-height: inherit;, sans-serif;vertical-align: baseline;letter-spacing: 1px\">Es werden Cookies gespeichert, die zur Durchf\u00fchrung des elektronischen Kommunikationsvorgangs, zur Bereitstellung bestimmter von Ihnen gew\u00fcnschter Funktionen (z.B. f\u00fcr die Warenkorbfunktion) oder zur Optimierung der Website (z.B. Cookies zur Messung der Webpr\u00e4senz) notwendig sind, sofern keine andere Rechtsgrundlage angegeben ist. Der Websitebetreiber hat ein berechtigtes Interesse an der Speicherung von notwendigen Cookies zur technisch fehlerfreien und optimierten Bereitstellung der Dienste. Wurde eine Einwilligung zur Speicherung von Cookies und \u00e4hnlichen Wiedererkennungstechnologien eingeholt, erfolgt die Verarbeitung ausschlie\u00dflich auf der Grundlage dieser Einwilligung; die Einwilligung kann jederzeit widerrufen werden.<\/p><p style=\"margin-bottom: 1em;border: 0px;font-weight: 300;font-size: 21.3333px;line-height: inherit;, sans-serif;vertical-align: baseline;letter-spacing: 1px\">Sie k\u00f6nnen Ihren Browser so einstellen, dass Sie \u00fcber das Setzen von Cookies informiert werden und Cookies nur im Einzelfall erlauben, die Annahme von Cookies f\u00fcr bestimmte F\u00e4lle oder generell ausschlie\u00dfen sowie das automatische L\u00f6schen der Cookies beim Schlie\u00dfen des Browser aktivieren. Bei der Deaktivierung von Cookies kann die Funktionalit\u00e4t dieser Website eingeschr\u00e4nkt sein.<\/p><p style=\"margin-bottom: 1em;border: 0px;font-weight: 300;font-size: 21.3333px;line-height: inherit;, sans-serif;vertical-align: baseline;letter-spacing: 1px\">Die auf dieser Website verwendeten Cookies und Dienste finden Sie in dieser Datenschutzrichtlinie.<\/p><h3 style=\"margin-bottom: 0px;padding-top: 0px;border: 0px;font-size: 1em;line-height: 1.75em;, sans-serif;vertical-align: baseline;text-transform: uppercase;letter-spacing: 5px\">Kontakt-Formular<\/h3><p style=\"margin-bottom: 1em;border: 0px;font-weight: 300;font-size: 21.3333px;line-height: inherit;, sans-serif;vertical-align: baseline;letter-spacing: 1px\">Wenn Sie uns per Kontaktformular Anfragen zukommen lassen, werden Ihre Angaben aus dem Formular inklusive der von Ihnen dort angegebenen Kontaktdaten zwecks Bearbeitung der Anfrage und f\u00fcr den Fall von Anschlussfragen bei uns gespeichert. Diese Daten geben wir nicht ohne Ihre Einwilligung weiter.<\/p><p style=\"margin-bottom: 1em;border: 0px;font-weight: 300;font-size: 21.3333px;line-height: inherit;, sans-serif;vertical-align: baseline;letter-spacing: 1px\">Wenn Ihre Anfrage im Zusammenhang mit der Erf\u00fcllung eines Vertrages steht oder f\u00fcr vorvertragliche Ma\u00dfnahmen erforderlich ist. In allen anderen F\u00e4llen beruht die Verarbeitung auf unserem berechtigten Interesse an einer effektiven Bearbeitung der an uns gerichteten Anfragen oder auf Ihrer Einwilligung, die jederzeit widerrufen werden kann.<\/p><p style=\"margin-bottom: 1em;border: 0px;font-weight: 300;font-size: 21.3333px;line-height: inherit;, sans-serif;vertical-align: baseline;letter-spacing: 1px\">Die von Ihnen im Kontaktformular eingegebenen Daten verbleiben bei uns, bis Sie uns zur L\u00f6schung auffordern, Ihre Einwilligung zur Speicherung widerrufen oder der Zweck f\u00fcr die Datenspeicherung entf\u00e4llt (z.B. nach Erledigung der von Ihnen gestellten Anfrage). Zwingende gesetzliche Bestimmungen - insbesondere Aufbewahrungsfristen - bleiben hiervon unber\u00fchrt.<\/p><h3 style=\"margin-bottom: 0px;padding-top: 0px;border: 0px;font-size: 1em;line-height: 1.75em;, sans-serif;vertical-align: baseline;text-transform: uppercase;letter-spacing: 5px\">Anfragen per E-Mail, Telefon oder Fax<\/h3><p style=\"margin-bottom: 1em;border: 0px;font-weight: 300;font-size: 21.3333px;line-height: inherit;, sans-serif;vertical-align: baseline;letter-spacing: 1px\">Wenn Sie sich per E-Mail, Telefon oder Fax an uns wenden, wird Ihre Anfrage einschlie\u00dflich der sich daraus ergebenden personenbezogenen Daten (Name, Anfrage) von uns zum Zwecke der Bearbeitung Ihres Anliegens gespeichert und verarbeitet. Wir geben diese Daten nicht ohne Ihre Zustimmung weiter.<\/p><p style=\"margin-bottom: 1em;border: 0px;font-weight: 300;font-size: 21.3333px;line-height: inherit;, sans-serif;vertical-align: baseline;letter-spacing: 1px\">Wenn Ihre Anfrage im Zusammenhang mit der Erf\u00fcllung eines Vertrages steht oder f\u00fcr vorvertragliche Ma\u00dfnahmen erforderlich ist. In allen anderen F\u00e4llen beruht die Verarbeitung auf unserem berechtigten Interesse an einer effektiven Bearbeitung der an uns gerichteten Anfragen oder auf Ihrer Einwilligung, die jederzeit widerrufen werden kann.<\/p><p style=\"margin-bottom: 1em;border: 0px;font-weight: 300;font-size: 21.3333px;line-height: inherit;, sans-serif;vertical-align: baseline;letter-spacing: 1px\">Die Daten, die Sie uns im Rahmen von Kontaktanfragen \u00fcbermitteln, verbleiben bei uns, bis Sie uns zur L\u00f6schung auffordern, Ihre Einwilligung zur Speicherung widerrufen oder der Zweck f\u00fcr die Datenspeicherung entf\u00e4llt (z.B. nach Erledigung Ihres Anliegens). Zwingende gesetzliche Bestimmungen - insbesondere gesetzliche Aufbewahrungsfristen - bleiben hiervon unber\u00fchrt.<\/p><h2 style=\"margin-bottom: 0px;padding-top: 0px;border: 0px;font-size: 1.25em;line-height: 1.75em;, sans-serif;vertical-align: baseline;text-transform: uppercase;letter-spacing: 8px\">5. Newsletter<\/h2><h3 style=\"margin-bottom: 0px;padding-top: 0px;border: 0px;font-size: 1em;line-height: 1.75em;, sans-serif;vertical-align: baseline;text-transform: uppercase;letter-spacing: 5px\">Newsletter-Daten<\/h3><p style=\"margin-bottom: 1em;border: 0px;font-weight: 300;font-size: 21.3333px;line-height: inherit;, sans-serif;vertical-align: baseline;letter-spacing: 1px\">Wenn Sie den auf der Webseite angebotenen Newsletter empfangen m\u00f6chten, ben\u00f6tigen wir von Ihnen eine Email-Adresse sowie Informationen, die uns die \u00dcberpr\u00fcfung gestatten, dass Sie der Inhaber der angegebenen Email-Adresse sind und mit dem Empfang des Newsletters einverstanden sind. Weitergehende Daten werden nur auf freiwilliger Basis erhoben. Wir verwenden diese Daten ausschlie\u00dflich f\u00fcr den Versand der angeforderten Informationen und geben sie nicht an Dritte weiter.<\/p><p style=\"margin-bottom: 1em;border: 0px;font-weight: 300;font-size: 21.3333px;line-height: inherit;, sans-serif;vertical-align: baseline;letter-spacing: 1px\">Die Verarbeitung der in das Newsletter-Anmeldeformular eingegebenen Daten erfolgt ausschlie\u00dflich auf Grundlage Ihrer Einwilligung. Die erteilte Einwilligung zur Speicherung der Daten, der Email-Adresse sowie deren Nutzung zum Versand des Newsletters kann jederzeit widerrufen werden, etwa \u00fcber den \u201cAustragen\u201d-Link im Newsletter. Die Rechtm\u00e4\u00dfigkeit der bereits erfolgten Datenverarbeitungsvorg\u00e4nge bleibt vom Widerruf unber\u00fchrt.<\/p><p style=\"margin-bottom: 1em;border: 0px;font-weight: 300;font-size: 21.3333px;line-height: inherit;, sans-serif;vertical-align: baseline;letter-spacing: 1px\">Die von Ihnen zum Zwecke des Newsletter-Empfangs angegebenen Daten werden bei uns gespeichert, bis Sie sich vom Newsletter abmelden oder der Zweck entf\u00e4llt. Nach Abbestellung des Newsletters werden die Daten aus dem Newsletter-Verteiler gel\u00f6scht. Wir behalten uns vor, E-Mail-Adressen nach eigenem Ermessen im Rahmen unseres berechtigten Interesses aus unserem Newsletter-Verteiler zu l\u00f6schen oder zu sperren.<\/p><p style=\"margin-bottom: 1em;border: 0px;font-weight: 300;font-size: 21.3333px;line-height: inherit;, sans-serif;vertical-align: baseline;letter-spacing: 1px\">Daten, die zu anderen Zwecken gespeichert wurden, bleiben hiervon unber\u00fchrt.<\/p><p style=\"margin-bottom: 1em;border: 0px;font-weight: 300;font-size: 21.3333px;line-height: inherit;, sans-serif;vertical-align: baseline;letter-spacing: 1px\">Nachdem Sie sich aus dem Newsletter-Verteiler abgemeldet haben, kann Ihre E-Mail-Adresse von uns oder dem Newsletter-Dienstleister in einer Blacklist gespeichert werden, wenn dies erforderlich ist, um zuk\u00fcnftige Zusendungen zu verhindern. Die Daten in der Blacklist werden ausschlie\u00dflich f\u00fcr diesen Zweck verwendet und nicht mit anderen Daten zusammengef\u00fchrt. Dies dient sowohl Ihrem Interesse als auch unserem Interesse an der Einhaltung gesetzlicher Vorgaben beim Versand von Newslettern (berechtigtes Interesse). Die Speicherung in der Blacklist ist zeitlich nicht befristet. Sie k\u00f6nnen der Speicherung widersprechen, wenn Ihre Interessen unser berechtigtes Interesse \u00fcberwiegen.<\/p><h2 style=\"margin-bottom: 0px;padding-top: 0px;border: 0px;font-size: 1.25em;line-height: 1.75em;, sans-serif;vertical-align: baseline;text-transform: uppercase;letter-spacing: 8px\">6. Plugins und Tools<\/h2><h3 style=\"margin-bottom: 0px;padding-top: 0px;border: 0px;font-size: 1em;line-height: 1.75em;, sans-serif;vertical-align: baseline;text-transform: uppercase;letter-spacing: 5px\">Vimeo<\/h3><p style=\"margin-bottom: 1em;border: 0px;font-weight: 300;font-size: 21.3333px;line-height: inherit;, sans-serif;vertical-align: baseline;letter-spacing: 1px\">Diese Website nutzt Plugins des Videoportals Vimeo. Anbieter ist die Vimeo Inc., 555 West 18th Street, New York, New York 10011, USA.<\/p><p style=\"margin-bottom: 1em;border: 0px;font-weight: 300;font-size: 21.3333px;line-height: inherit;, sans-serif;vertical-align: baseline;letter-spacing: 1px\">Wenn Sie eine unserer Seiten besuchen, die mit einem Vimeo-Video ausgestattet ist, wird eine Verbindung zu den Servern von Vimeo hergestellt. Dadurch wird dem Vimeo-Server mitgeteilt, welche unserer Seiten Sie besucht haben. Zus\u00e4tzlich erh\u00e4lt Vimeo Ihre IP-Adresse. Dies gilt auch, wenn Sie nicht bei Vimeo eingeloggt sind oder kein Konto bei Vimeo haben. Die von Vimeo erhobenen Informationen werden an den Vimeo-Server in den USA \u00fcbermittelt.<\/p><p style=\"margin-bottom: 1em;border: 0px;font-weight: 300;font-size: 21.3333px;line-height: inherit;, sans-serif;vertical-align: baseline;letter-spacing: 1px\">Wenn Sie in Ihrem Vimeo-Konto eingeloggt sind, erlauben Sie Vimeo, Ihr Surfverhalten direkt mit Ihrem pers\u00f6nlichen Profil zu verkn\u00fcpfen. Sie k\u00f6nnen dies verhindern, indem Sie sich bei Ihrem Vimeo-Konto abmelden.<\/p><p style=\"margin-bottom: 1em;border: 0px;font-weight: 300;font-size: 21.3333px;line-height: inherit;, sans-serif;vertical-align: baseline;letter-spacing: 1px\">Zur Erkennung von Website-Besuchern verwendet Vimeo Cookies oder \u00e4hnliche Erkennungstechnologien (z.B. Device Fingerprinting).<\/p><p style=\"margin-bottom: 1em;border: 0px;font-weight: 300;font-size: 21.3333px;line-height: inherit;, sans-serif;vertical-align: baseline;letter-spacing: 1px\">Die Nutzung von Vimeo erfolgt im Interesse einer ansprechenden Pr\u00e4sentation unserer Online-Dienste. Dies stellt ein berechtigtes Interesse dar. Wurde eine Einwilligung eingeholt, erfolgt die Verarbeitung, soweit die Einwilligung die Speicherung von Cookies oder den Zugriff auf Informationen auf dem Ger\u00e4t des Nutzers (z.B. Device Fingerprinting) umfasst, gem\u00e4\u00df TDDDG. Die Einwilligung kann jederzeit widerrufen werden.<\/p><p style=\"margin-bottom: 1em;border: 0px;font-weight: 300;font-size: 21.3333px;line-height: inherit;, sans-serif;vertical-align: baseline;letter-spacing: 1px\">Die Daten\u00fcbermittlung in die USA erfolgt auf der Grundlage der Standardvertragsklauseln der EU-Kommission und nach Angaben von Vimeo auf der Grundlage \"berechtigter Gesch\u00e4ftsinteressen\". F\u00fcr Details besuchen Sie bitte:&nbsp;<a href=\"https:\/\/vimeo.com\/privacy\" title=\"\" style=\"margin: 0px;padding: 0px;border: 0px;font: inherit;vertical-align: baseline\">https:\/\/vimeo.com\/privacy<\/a>.<\/p><p style=\"margin-bottom: 1em;border: 0px;font-weight: 300;font-size: 21.3333px;line-height: inherit;, sans-serif;vertical-align: baseline;letter-spacing: 1px\">Weitere Informationen zum Umgang mit Nutzerdaten finden Sie in der Datenschutzrichtlinie von Vimeo:&nbsp;<a href=\"https:\/\/vimeo.com\/privacy\" title=\"\" style=\"margin: 0px;padding: 0px;border: 0px;font: inherit;vertical-align: baseline\">https:\/\/vimeo.com\/privacy<\/a>.<\/p><p style=\"margin-bottom: 1em;border: 0px;font-weight: 300;font-size: 21.3333px;line-height: inherit;, sans-serif;vertical-align: baseline;letter-spacing: 1px\">Das Unternehmen ist nach dem \"EU-US Data Privacy Framework\" (DPF) zertifiziert. Das DPF ist ein Abkommen zwischen der Europ\u00e4ischen Union und den USA, das die Einhaltung der europ\u00e4ischen Datenschutzstandards bei der Datenverarbeitung in den USA sicherstellen soll. Jedes nach dem DPF zertifizierte Unternehmen verpflichtet sich, diese Datenschutzstandards einzuhalten. Weitere Informationen erhalten Sie beim Anbieter unter:&nbsp;<a href=\"https:\/\/www.dataprivacyframework.gov\/participant\/5711\" title=\"\" style=\"margin: 0px;padding: 0px;border: 0px;font: inherit;vertical-align: baseline\">https:\/\/www.dataprivacyframework.gov\/participant\/5711<\/a>.<\/p><h3 style=\"margin-bottom: 0px;padding-top: 0px;border: 0px;font-size: 1em;line-height: 1.75em;, sans-serif;vertical-align: baseline;text-transform: uppercase;letter-spacing: 5px\">Google-Schriftarten<\/h3><p style=\"margin-bottom: 1em;border: 0px;font-weight: 300;font-size: 21.3333px;line-height: inherit;, sans-serif;vertical-align: baseline;letter-spacing: 1px\">Diese Website verwendet Google Fonts, um eine einheitliche Darstellung der von Google bereitgestellten Schriftarten zu gew\u00e4hrleisten. Wenn Sie eine Seite besuchen, l\u00e4dt Ihr Browser die erforderlichen Schriftarten in seinen Browser-Cache, um Texte und Schriftarten korrekt anzuzeigen.<\/p><p style=\"margin-bottom: 1em;border: 0px;font-weight: 300;font-size: 21.3333px;line-height: inherit;, sans-serif;vertical-align: baseline;letter-spacing: 1px\">Dazu muss der von Ihnen verwendete Browser eine Verbindung zu den Servern von Google herstellen. Dadurch kann Google erfahren, dass Ihre IP-Adresse auf diese Website zugegriffen hat. Der Betreiber der Website hat ein berechtigtes Interesse an der einheitlichen Darstellung der Texte auf der Website. Sofern eine Einwilligung eingeholt wurde, erfolgt die Verarbeitung ausschlie\u00dflich, soweit die Einwilligung die Speicherung von Cookies oder den Zugriff auf Informationen auf dem Ger\u00e4t des Nutzers (z.B. Device Fingerprinting) gem\u00e4\u00df TDDDG umfasst. Die Einwilligung kann jederzeit widerrufen werden.<\/p><p style=\"margin-bottom: 1em;border: 0px;font-weight: 300;font-size: 21.3333px;line-height: inherit;, sans-serif;vertical-align: baseline;letter-spacing: 1px\">Wenn Ihr Browser Google Fonts nicht unterst\u00fctzt, wird eine Standardschrift von Ihrem Computer verwendet.<\/p><p style=\"margin-bottom: 1em;border: 0px;font-weight: 300;font-size: 21.3333px;line-height: inherit;, sans-serif;vertical-align: baseline;letter-spacing: 1px\">Weitere Informationen zu Google Fonts finden Sie hier:&nbsp;<a href=\"https:\/\/developers.google.com\/fonts\/faq\" title=\"\" style=\"margin: 0px;padding: 0px;border: 0px;font: inherit;vertical-align: baseline\">https:\/\/developers.google.com\/fonts\/faq<\/a>&nbsp;und die Datenschutzbestimmungen von Google unter:&nbsp;<a href=\"https:\/\/policies.google.com\/privacy?hl=de\" title=\"\" style=\"margin: 0px;padding: 0px;border: 0px;font: inherit;vertical-align: baseline\">https:\/\/policies.google.com\/privacy?hl=de<\/a>.<\/p><p style=\"margin-bottom: 1em;border: 0px;font-weight: 300;font-size: 21.3333px;line-height: inherit;, sans-serif;vertical-align: baseline;letter-spacing: 1px\">Das Unternehmen ist nach dem \"EU-US Data Privacy Framework\" (DPF) zertifiziert. Das DPF ist ein Abkommen zwischen der Europ\u00e4ischen Union und den USA, das die Einhaltung der europ\u00e4ischen Datenschutzstandards bei der Datenverarbeitung in den USA sicherstellen soll. Jedes nach dem DPF zertifizierte Unternehmen verpflichtet sich, diese Datenschutzstandards einzuhalten. Weitere Informationen erhalten Sie beim Anbieter unter:&nbsp;<a href=\"https:\/\/www.dataprivacyframework.gov\/participant\/5780\" title=\"\" style=\"margin: 0px;padding: 0px;border: 0px;font: inherit;vertical-align: baseline\">https:\/\/www.dataprivacyframework.gov\/participant\/5780<\/a>.<\/p><h3 style=\"margin-bottom: 0px;padding-top: 0px;border: 0px;font-size: 1em;line-height: 1.75em;, sans-serif;vertical-align: baseline;text-transform: uppercase;letter-spacing: 5px\">Google Maps<\/h3><p style=\"margin-bottom: 1em;border: 0px;font-weight: 300;font-size: 21.3333px;line-height: inherit;, sans-serif;vertical-align: baseline;letter-spacing: 1px\">Diese Website nutzt den Kartendienst Google Maps. Der Anbieter ist Google Ireland Limited (\"Google\"), Gordon House, Barrow Street, Dublin 4, Irland. Die Nutzung dieses Dienstes erm\u00f6glicht es uns, Karten auf unserer Website zu integrieren.<\/p><p style=\"margin-bottom: 1em;border: 0px;font-weight: 300;font-size: 21.3333px;line-height: inherit;, sans-serif;vertical-align: baseline;letter-spacing: 1px\">Um die Funktionen von Google Maps nutzen zu k\u00f6nnen, ist es notwendig, Ihre IP-Adresse zu speichern. Diese Informationen werden in der Regel an einen Server von Google in den USA \u00fcbertragen und dort gespeichert. Der Betreiber dieser Seite hat keinen Einfluss auf diese Daten\u00fcbertragung. Bei der Aktivierung von Google Maps verwendet Google ggf. Google Fonts zur einheitlichen Darstellung von Schriftarten. Beim Aufruf von Google Maps l\u00e4dt Ihr Browser die ben\u00f6tigten Webfonts in seinen Browsercache, um Texte und Schriften korrekt darzustellen.<\/p><p style=\"margin-bottom: 1em;border: 0px;font-weight: 300;font-size: 21.3333px;line-height: inherit;, sans-serif;vertical-align: baseline;letter-spacing: 1px\">Die Nutzung von Google Maps erfolgt im Interesse einer ansprechenden Darstellung unserer Online-Dienste und zur Erleichterung des Auffindens von Orten, die auf unserer Website genannt werden. Dies stellt ein berechtigtes Interesse dar. Sofern eine Einwilligung eingeholt wurde, erfolgt die Verarbeitung, soweit die Einwilligung die Speicherung von Cookies oder den Zugriff auf Informationen auf dem Ger\u00e4t des Nutzers (z.B. Device Fingerprinting) gem\u00e4\u00df TDDDG umfasst. Die Einwilligung kann jederzeit widerrufen werden.<\/p><p style=\"margin-bottom: 1em;border: 0px;font-weight: 300;font-size: 21.3333px;line-height: inherit;, sans-serif;vertical-align: baseline;letter-spacing: 1px\">Die Daten\u00fcbermittlung in die USA erfolgt auf der Grundlage der Standardvertragsklauseln der EU-Kommission. F\u00fcr Einzelheiten besuchen Sie bitte:&nbsp;<a href=\"https:\/\/privacy.google.com\/businesses\/gdprcontrollerterms\/\" title=\"\" style=\"margin: 0px;padding: 0px;border: 0px;font: inherit;vertical-align: baseline\">https:\/\/privacy.google.com\/businesses\/gdprcontrollerterms\/<\/a>&nbsp;und&nbsp;<a href=\"https:\/\/privacy.google.com\/businesses\/gdprcontrollerterms\/sccs\/\" title=\"\" style=\"margin: 0px;padding: 0px;border: 0px;font: inherit;vertical-align: baseline\">https:\/\/privacy.google.com\/businesses\/gdprcontrollerterms\/sccs\/<\/a>.<\/p><p style=\"margin-bottom: 1em;border: 0px;font-weight: 300;font-size: 21.3333px;line-height: inherit;, sans-serif;vertical-align: baseline;letter-spacing: 1px\">Weitere Informationen zum Umgang mit Nutzerdaten finden Sie in den Datenschutzbestimmungen von Google unter:&nbsp;<a href=\"https:\/\/policies.google.com\/privacy?hl=de\" title=\"\" style=\"margin: 0px;padding: 0px;border: 0px;font: inherit;vertical-align: baseline\">https:\/\/policies.google.com\/privacy?hl=de<\/a>.<\/p><p style=\"margin-bottom: 0px;border: 0px;font-weight: 300;font-size: 21.3333px;line-height: inherit;, sans-serif;vertical-align: baseline;letter-spacing: 1px\">Das Unternehmen ist nach dem \"EU-US Data Privacy Framework\" (DPF) zertifiziert. Das DPF ist ein Abkommen zwischen der Europ\u00e4ischen Union und den USA, das die Einhaltung der europ\u00e4ischen Datenschutzstandards bei der Datenverarbeitung in den USA sicherstellen soll. Jedes nach dem DPF zertifizierte Unternehmen verpflichtet sich, diese Datenschutzstandards einzuhalten. Weitere Informationen erhalten Sie beim Anbieter unter:&nbsp;<a href=\"https:\/\/www.dataprivacyframework.gov\/participant\/5780\" title=\"\" style=\"margin: 0px;padding: 0px;border: 0px;font: inherit;vertical-align: baseline\">https:\/\/www.dataprivacyframework.gov\/participant\/5780<\/a>.<\/p><\/h2>\t\t\t\t<\/div>\n\t\t\t\t<\/div>\n\t\t\t\t<div class=\"elementor-element elementor-element-f5c1021 elementor-widget-divider--view-line elementor-widget elementor-widget-divider\" data-id=\"f5c1021\" data-element_type=\"widget\" data-e-type=\"widget\" data-widget_type=\"divider.default\">\n\t\t\t\t<div class=\"elementor-widget-container\">\n\t\t\t\t\t\t\t<div class=\"elementor-divider\">\n\t\t\t<span class=\"elementor-divider-separator\">\n\t\t\t\t\t\t<\/span>\n\t\t<\/div>\n\t\t\t\t\t\t<\/div>\n\t\t\t\t<\/div>\n\t\t\t\t<div class=\"elementor-element elementor-element-ec2af42 elementor-widget elementor-widget-heading\" data-id=\"ec2af42\" data-element_type=\"widget\" data-e-type=\"widget\" data-widget_type=\"heading.default\">\n\t\t\t\t<div class=\"elementor-widget-container\">\n\t\t\t\t\t<h2 class=\"elementor-heading-title elementor-size-default\"><header style=\"margin: 0px 0px 1em;padding: 0px;border: 0px;font-weight: 300;font-size: 21.3333px;line-height: inherit;, sans-serif;vertical-align: baseline;text-align: center;letter-spacing: 1px\"><h4 style=\"margin-bottom: 0px;border: 0px;font-style: inherit;font-variant: inherit;font-weight: 400;font-size: inherit;line-height: 1.75em;font-family: inherit;vertical-align: baseline;text-transform: uppercase\">ANNULLIERUNGSPOLITIK:<\/h4><\/header><div class=\"block\" style=\"margin: 0px;padding: 1em 0px 1em 2em;border-width: 0px 0px 0px 0.5em;border-top-style: initial;border-right-style: initial;border-bottom-style: initial;border-left-style: solid;border-top-color: initial;border-right-color: initial;border-bottom-color: initial;font-style: italic;font-weight: 300;font-size: 21.3333px;line-height: inherit;, sans-serif;vertical-align: baseline;text-align: center;letter-spacing: 1px\">R\u00dcCKTRITT seitens des Kunden: Stornierungen 60 Tage vor der Abreise: eine Strafe von 50% des Mietpreises. Stornierungen 30 bis 60 Tage vor der Abreise: eine Strafe von 75% des Mietpreises. Stornierungen weniger als 30 Tage vor der Abreise eine Strafe von 100% des Mietpreises. F\u00fcr die Bearbeitung von Stornierungen stellt der Vermieter dem Kunden 35 \u20ac f\u00fcr Verwaltungskosten in Rechnung.<\/div><\/h2>\t\t\t\t<\/div>\n\t\t\t\t<\/div>\n\t\t\t\t\t<\/div>\n\t\t<\/div>\n\t\t\t\t\t<\/div>\n\t\t<\/section>\n\t\t\t\t<\/div>","protected":false},"excerpt":{"rendered":"<p>WAS IST DIE FUNKTION DIESER WEBSITE? Diese Subdomain ist Eigentum von www.alcudia-boat-rental.com und ihre Funktion ist es, als Iframe in die Hauptwebsite eingebettet zu werden. REDUZIERTE PRIVACY POLICY Alcudia Bay Boat Rental ist Eigentum von Ricardo Solis Pericas, 43124588W, Antonio Marques 10, Palma, 07003, SPAIN.In \u00dcbereinstimmung mit den Bestimmungen des Gesetzes 25 von ... <\/p>\n<p class=\"link-more\"><a href=\"https:\/\/reserves2.alcudia-boat-rental.com\/de\" class=\"more-link\"><span class=\"screen-reader-text\">\u201ePolit privacidad\u201c <\/span>weiterlesen<\/a><\/p>","protected":false},"author":1,"featured_media":0,"parent":0,"menu_order":0,"comment_status":"closed","ping_status":"closed","template":"elementor_canvas","meta":{"footnotes":""},"class_list":["post-670","page","type-page","status-publish","hentry"],"_links":{"self":[{"href":"https:\/\/reserves2.alcudia-boat-rental.com\/de\/wp-json\/wp\/v2\/pages\/670","targetHints":{"allow":["GET"]}}],"collection":[{"href":"https:\/\/reserves2.alcudia-boat-rental.com\/de\/wp-json\/wp\/v2\/pages"}],"about":[{"href":"https:\/\/reserves2.alcudia-boat-rental.com\/de\/wp-json\/wp\/v2\/types\/page"}],"author":[{"embeddable":true,"href":"https:\/\/reserves2.alcudia-boat-rental.com\/de\/wp-json\/wp\/v2\/users\/1"}],"replies":[{"embeddable":true,"href":"https:\/\/reserves2.alcudia-boat-rental.com\/de\/wp-json\/wp\/v2\/comments?post=670"}],"version-history":[{"count":17,"href":"https:\/\/reserves2.alcudia-boat-rental.com\/de\/wp-json\/wp\/v2\/pages\/670\/revisions"}],"predecessor-version":[{"id":720,"href":"https:\/\/reserves2.alcudia-boat-rental.com\/de\/wp-json\/wp\/v2\/pages\/670\/revisions\/720"}],"wp:attachment":[{"href":"https:\/\/reserves2.alcudia-boat-rental.com\/de\/wp-json\/wp\/v2\/media?parent=670"}],"curies":[{"name":"wp","href":"https:\/\/api.w.org\/{rel}","templated":true}]}}