{"id":670,"date":"2025-03-04T04:42:27","date_gmt":"2025-03-04T03:42:27","guid":{"rendered":"https:\/\/reserves-alcudia-boat-rental.com\/?page_id=670"},"modified":"2025-04-15T23:31:17","modified_gmt":"2025-04-15T21:31:17","slug":"politique-de-confidentialite","status":"publish","type":"page","link":"https:\/\/reserves2.alcudia-boat-rental.com\/fr","title":{"rendered":"Polit privacidad"},"content":{"rendered":"<div data-elementor-type=\"wp-page\" data-elementor-id=\"670\" class=\"elementor elementor-670\">\n\t\t\t\t\t\t<section class=\"elementor-section elementor-top-section elementor-element elementor-element-2e4f276 elementor-section-boxed elementor-section-height-default elementor-section-height-default\" data-id=\"2e4f276\" data-element_type=\"section\" data-e-type=\"section\">\n\t\t\t\t\t\t<div class=\"elementor-container elementor-column-gap-default\">\n\t\t\t\t\t<div class=\"elementor-column elementor-col-100 elementor-top-column elementor-element elementor-element-05d8163\" data-id=\"05d8163\" data-element_type=\"column\" data-e-type=\"column\">\n\t\t\t<div class=\"elementor-widget-wrap elementor-element-populated\">\n\t\t\t\t\t\t<div class=\"elementor-element elementor-element-f0a53e0 elementor-widget elementor-widget-image\" data-id=\"f0a53e0\" data-element_type=\"widget\" data-e-type=\"widget\" data-widget_type=\"image.default\">\n\t\t\t\t<div class=\"elementor-widget-container\">\n\t\t\t\t\t\t\t\t\t\t\t\t\t\t\t<img decoding=\"async\" width=\"301\" height=\"90\" src=\"https:\/\/reserves2.alcudia-boat-rental.com\/wp-content\/uploads\/2019\/11\/cropped-logo-negro-grande.png\" class=\"attachment-large size-large wp-image-10\" alt=\"\" srcset=\"https:\/\/reserves2.alcudia-boat-rental.com\/wp-content\/uploads\/2019\/11\/cropped-logo-negro-grande.png 301w, https:\/\/reserves2.alcudia-boat-rental.com\/wp-content\/uploads\/2019\/11\/cropped-logo-negro-grande-300x90.png 300w\" sizes=\"100vw\" \/>\t\t\t\t\t\t\t\t\t\t\t\t\t\t\t<\/div>\n\t\t\t\t<\/div>\n\t\t\t\t<div class=\"elementor-element elementor-element-8b39c4d elementor-widget-divider--view-line elementor-widget elementor-widget-divider\" data-id=\"8b39c4d\" data-element_type=\"widget\" data-e-type=\"widget\" data-widget_type=\"divider.default\">\n\t\t\t\t<div class=\"elementor-widget-container\">\n\t\t\t\t\t\t\t<div class=\"elementor-divider\">\n\t\t\t<span class=\"elementor-divider-separator\">\n\t\t\t\t\t\t<\/span>\n\t\t<\/div>\n\t\t\t\t\t\t<\/div>\n\t\t\t\t<\/div>\n\t\t\t\t<div class=\"elementor-element elementor-element-2b1a34e elementor-widget elementor-widget-heading\" data-id=\"2b1a34e\" data-element_type=\"widget\" data-e-type=\"widget\" data-widget_type=\"heading.default\">\n\t\t\t\t<div class=\"elementor-widget-container\">\n\t\t\t\t\t<h2 class=\"elementor-heading-title elementor-size-default\"><p data-start=\"44\" data-end=\"87\"><strong data-start=\"44\" data-end=\"85\">QUELLE EST LA FONCTION DE CE SITE WEB ?<\/strong><\/p><p data-start=\"89\" data-end=\"221\">Ce sous-domaine appartient \u00e0 <a data-start=\"114\" data-end=\"141\" rel=\"noopener\" target=\"_new\" href=\"http:\/\/www.alcudia-boat-rental.com\">www.alcudia-boat-rental.com<\/a>, et sa fonction est d'\u00eatre int\u00e9gr\u00e9e comme un <strong data-start=\"184\" data-end=\"194\">iframe<\/strong> sur le site principal.<\/p><p data-start=\"223\" data-end=\"291\"><br><\/p><br><br><\/h2>\t\t\t\t<\/div>\n\t\t\t\t<\/div>\n\t\t\t\t<div class=\"elementor-element elementor-element-fe53aec elementor-widget-divider--view-line elementor-widget elementor-widget-divider\" data-id=\"fe53aec\" data-element_type=\"widget\" data-e-type=\"widget\" data-widget_type=\"divider.default\">\n\t\t\t\t<div class=\"elementor-widget-container\">\n\t\t\t\t\t\t\t<div class=\"elementor-divider\">\n\t\t\t<span class=\"elementor-divider-separator\">\n\t\t\t\t\t\t<\/span>\n\t\t<\/div>\n\t\t\t\t\t\t<\/div>\n\t\t\t\t<\/div>\n\t\t\t\t\t<\/div>\n\t\t<\/div>\n\t\t\t\t\t<\/div>\n\t\t<\/section>\n\t\t\t\t<section class=\"elementor-section elementor-top-section elementor-element elementor-element-c60d02f elementor-section-boxed elementor-section-height-default elementor-section-height-default\" data-id=\"c60d02f\" data-element_type=\"section\" data-e-type=\"section\">\n\t\t\t\t\t\t<div class=\"elementor-container elementor-column-gap-default\">\n\t\t\t\t\t<div class=\"elementor-column elementor-col-100 elementor-top-column elementor-element elementor-element-ed4a049\" data-id=\"ed4a049\" data-element_type=\"column\" data-e-type=\"column\">\n\t\t\t<div class=\"elementor-widget-wrap elementor-element-populated\">\n\t\t\t\t\t\t<div class=\"elementor-element elementor-element-6aec0df elementor-widget elementor-widget-heading\" data-id=\"6aec0df\" data-element_type=\"widget\" data-e-type=\"widget\" data-widget_type=\"heading.default\">\n\t\t\t\t<div class=\"elementor-widget-container\">\n\t\t\t\t\t<h2 class=\"elementor-heading-title elementor-size-default\"><p data-start=\"925\" data-end=\"953\"><strong data-start=\"925\" data-end=\"951\">R\u00c9DUCTION DE LA POLITIQUE DE CONFIDENTIALIT\u00c9<\/strong><\/p><p data-start=\"955\" data-end=\"1303\">Alcudia Bay Boat Rental est la propri\u00e9t\u00e9 de Ricardo Solis Pericas, 43124588W, Antonio Marques 10, Palma, 07003, SPAIN.<br data-start=\"1068\" data-end=\"1071\">Conform\u00e9ment aux dispositions de la loi 25 de mai 2018, Protection des donn\u00e9es personnelles, nous vous informons que les donn\u00e9es que vous fournissez seront trait\u00e9es et int\u00e9gr\u00e9es dans un fichier appartenant \u00e0 ALCUDIA BAY BOAT RENTAL (Ricardo Solis Pericas).<\/p><p data-start=\"1305\" data-end=\"1335\">Les donn\u00e9es seront utilis\u00e9es :<\/p><ol data-start=\"1336\" data-end=\"1467\"><li data-start=\"1336\" data-end=\"1381\">R\u00e9pondre \u00e0 toutes vos questions et demandes.<\/li><li data-start=\"1382\" data-end=\"1420\">Fournir le service demand\u00e9.<\/li><li data-start=\"1421\" data-end=\"1467\">Pour vous envoyer un <strong data-start=\"1439\" data-end=\"1464\">Bulletin d'information occasionnel<\/strong>.<\/li><\/ol>Les donn\u00e9es seront conserv\u00e9es jusqu'\u00e0 ce que vous demandiez \u00e0 vous d\u00e9sinscrire. Vous pouvez exercer vos droits d'acc\u00e8s, de rectification, d'annulation et d'opposition \u00e0 vos donn\u00e9es personnelles par courrier \u00e9lectronique \u00e0 l'adresse suivante <strong data-start=\"1647\" data-end=\"1679\"><a data-start=\"1649\" data-end=\"1677\" rel=\"noopener\">info@alcudia-boat-rental.com<\/a><\/strong>.<br><br>N'oubliez pas que nous ne stockons jamais de donn\u00e9es sensibles telles que des mots de passe ou des donn\u00e9es bancaires.<\/h2>\t\t\t\t<\/div>\n\t\t\t\t<\/div>\n\t\t\t\t<div class=\"elementor-element elementor-element-7c05539 elementor-widget-divider--view-line elementor-widget elementor-widget-divider\" data-id=\"7c05539\" data-element_type=\"widget\" data-e-type=\"widget\" data-widget_type=\"divider.default\">\n\t\t\t\t<div class=\"elementor-widget-container\">\n\t\t\t\t\t\t\t<div class=\"elementor-divider\">\n\t\t\t<span class=\"elementor-divider-separator\">\n\t\t\t\t\t\t<\/span>\n\t\t<\/div>\n\t\t\t\t\t\t<\/div>\n\t\t\t\t<\/div>\n\t\t\t\t<div class=\"elementor-element elementor-element-fa63f0f elementor-widget elementor-widget-heading\" data-id=\"fa63f0f\" data-element_type=\"widget\" data-e-type=\"widget\" data-widget_type=\"heading.default\">\n\t\t\t\t<div class=\"elementor-widget-container\">\n\t\t\t\t\t<h2 class=\"elementor-heading-title elementor-size-default\">POLITIQUE DE CONFIDENTIALIT\u00c9 COMPL\u00c8TE<\/h2>\t\t\t\t<\/div>\n\t\t\t\t<\/div>\n\t\t\t\t<div class=\"elementor-element elementor-element-27ebc34 elementor-widget elementor-widget-heading\" data-id=\"27ebc34\" data-element_type=\"widget\" data-e-type=\"widget\" data-widget_type=\"heading.default\">\n\t\t\t\t<div class=\"elementor-widget-container\">\n\t\t\t\t\t<h2 class=\"elementor-heading-title elementor-size-default\"><br><br><h2 style=\"margin-bottom: 0px;border: 0px;font-size: 1.25em;line-height: 1.75em;, sans-serif;vertical-align: baseline;text-transform: uppercase;letter-spacing: 8px\"><strong style=\"margin: 0px;padding: 0px;border: 0px;font-style: inherit;font-variant: inherit;font-size: inherit;line-height: inherit;font-family: inherit;vertical-align: baseline\">1. La protection des donn\u00e9es en un coup d'\u0153il<\/strong><\/h2><h3 style=\"margin-bottom: 0px;padding-top: 0px;border: 0px;font-size: 1em;line-height: 1.75em;, sans-serif;vertical-align: baseline;text-transform: uppercase;letter-spacing: 5px\"><strong style=\"margin: 0px;padding: 0px;border: 0px;font-style: inherit;font-variant: inherit;font-size: inherit;line-height: inherit;font-family: inherit;vertical-align: baseline\">Informations g\u00e9n\u00e9rales<\/strong><\/h3><p style=\"margin-bottom: 1em;border: 0px;font-weight: 300;font-size: 21.3333px;line-height: inherit;, sans-serif;vertical-align: baseline;letter-spacing: 1px\">Les informations suivantes donnent un aper\u00e7u simple de ce qu'il advient de vos donn\u00e9es personnelles lorsque vous visitez ce site web. Les donn\u00e9es personnelles d\u00e9signent toutes les donn\u00e9es qui permettent de vous identifier personnellement. Des informations d\u00e9taill\u00e9es sur la protection des donn\u00e9es peuvent \u00eatre trouv\u00e9es dans notre politique de confidentialit\u00e9 mentionn\u00e9e sous ce texte.<\/p><h3 style=\"margin-bottom: 0px;padding-top: 0px;border: 0px;font-size: 1em;line-height: 1.75em;, sans-serif;vertical-align: baseline;text-transform: uppercase;letter-spacing: 5px\"><strong style=\"margin: 0px;padding: 0px;border: 0px;font-style: inherit;font-variant: inherit;font-size: inherit;line-height: inherit;font-family: inherit;vertical-align: baseline\">Collecte de donn\u00e9es sur ce site web<\/strong><\/h3><h4 style=\"margin-bottom: 0px;padding-top: 0px;border: 0px;font-weight: 400;font-size: 21.3333px;line-height: 1.75em;, sans-serif;vertical-align: baseline;text-transform: uppercase;letter-spacing: 1px\"><strong style=\"margin: 0px;padding: 0px;border: 0px;font-style: inherit;font-variant: inherit;font-size: inherit;line-height: inherit;font-family: inherit;vertical-align: baseline\">Qui est responsable de la collecte des donn\u00e9es sur ce site web ?<\/strong><\/h4><p style=\"margin-bottom: 1em;border: 0px;font-weight: 300;font-size: 21.3333px;line-height: inherit;, sans-serif;vertical-align: baseline;letter-spacing: 1px\">Le traitement des donn\u00e9es sur ce site web est effectu\u00e9 par l'op\u00e9rateur du site web. Vous trouverez ses coordonn\u00e9es dans la section&nbsp;<em style=\"margin: 0px;padding: 0px;border: 0px;font-variant: inherit;font-weight: inherit;font-size: inherit;line-height: inherit;font-family: inherit;vertical-align: baseline\">\u201cAvis sur l'entit\u00e9 responsable\u201d<\/em>&nbsp;dans la pr\u00e9sente politique de confidentialit\u00e9.<\/p><h4 style=\"margin-bottom: 0px;padding-top: 0px;border: 0px;font-weight: 400;font-size: 21.3333px;line-height: 1.75em;, sans-serif;vertical-align: baseline;text-transform: uppercase;letter-spacing: 1px\"><strong style=\"margin: 0px;padding: 0px;border: 0px;font-style: inherit;font-variant: inherit;font-size: inherit;line-height: inherit;font-family: inherit;vertical-align: baseline\">Comment recueillons-nous vos donn\u00e9es ?<\/strong><\/h4><p style=\"margin-bottom: 1em;border: 0px;font-weight: 300;font-size: 21.3333px;line-height: inherit;, sans-serif;vertical-align: baseline;letter-spacing: 1px\">Certaines de vos donn\u00e9es sont collect\u00e9es lorsque vous nous les fournissez. Il peut s'agir de donn\u00e9es saisies dans un formulaire de contact.<\/p><p style=\"margin-bottom: 1em;border: 0px;font-weight: 300;font-size: 21.3333px;line-height: inherit;, sans-serif;vertical-align: baseline;letter-spacing: 1px\">D'autres donn\u00e9es sont collect\u00e9es automatiquement ou avec votre consentement lorsque vous visitez le site web par nos syst\u00e8mes informatiques. Il s'agit principalement de donn\u00e9es techniques (par exemple, le navigateur Internet, le syst\u00e8me d'exploitation ou l'heure d'acc\u00e8s \u00e0 la page). La collecte de ces donn\u00e9es se fait automatiquement d\u00e8s que vous entrez sur ce site web.<\/p><h4 style=\"margin-bottom: 0px;padding-top: 0px;border: 0px;font-weight: 400;font-size: 21.3333px;line-height: 1.75em;, sans-serif;vertical-align: baseline;text-transform: uppercase;letter-spacing: 1px\"><strong style=\"margin: 0px;padding: 0px;border: 0px;font-style: inherit;font-variant: inherit;font-size: inherit;line-height: inherit;font-family: inherit;vertical-align: baseline\">\u00c0 quelles fins utilisons-nous vos donn\u00e9es ?<\/strong><\/h4><p style=\"margin-bottom: 1em;border: 0px;font-weight: 300;font-size: 21.3333px;line-height: inherit;, sans-serif;vertical-align: baseline;letter-spacing: 1px\">Certaines de ces donn\u00e9es sont collect\u00e9es pour garantir un fonctionnement sans erreur du site web. D'autres donn\u00e9es peuvent \u00eatre utilis\u00e9es pour analyser votre comportement d'utilisateur. Si des contrats peuvent \u00eatre conclus ou initi\u00e9s via le site web, les donn\u00e9es transmises seront \u00e9galement trait\u00e9es pour des offres de contrat, des commandes ou d'autres demandes de service.<\/p><h4 style=\"margin-bottom: 0px;padding-top: 0px;border: 0px;font-weight: 400;font-size: 21.3333px;line-height: 1.75em;, sans-serif;vertical-align: baseline;text-transform: uppercase;letter-spacing: 1px\"><strong style=\"margin: 0px;padding: 0px;border: 0px;font-style: inherit;font-variant: inherit;font-size: inherit;line-height: inherit;font-family: inherit;vertical-align: baseline\">Quels sont vos droits concernant vos donn\u00e9es ?<\/strong><\/h4><p style=\"margin-bottom: 1em;border: 0px;font-weight: 300;font-size: 21.3333px;line-height: inherit;, sans-serif;vertical-align: baseline;letter-spacing: 1px\">Vous avez le droit de recevoir gratuitement et \u00e0 tout moment des informations sur l'origine, le destinataire et la finalit\u00e9 de vos donn\u00e9es personnelles enregistr\u00e9es. Vous avez \u00e9galement le droit de demander la correction ou la suppression de ces donn\u00e9es. Si vous avez consenti au traitement des donn\u00e9es, vous pouvez r\u00e9voquer ce consentement \u00e0 tout moment pour l'avenir. En outre, vous avez le droit de demander la restriction du traitement de vos donn\u00e9es personnelles dans certaines circonstances. En outre, vous avez le droit de d\u00e9poser une plainte aupr\u00e8s de l'autorit\u00e9 de contr\u00f4le comp\u00e9tente.<\/p><p style=\"margin-bottom: 1em;border: 0px;font-weight: 300;font-size: 21.3333px;line-height: inherit;, sans-serif;vertical-align: baseline;letter-spacing: 1px\">Vous pouvez nous contacter \u00e0 tout moment \u00e0 ce sujet et pour toute autre question relative \u00e0 la protection des donn\u00e9es.<\/p><h3 style=\"margin-bottom: 0px;padding-top: 0px;border: 0px;font-size: 1em;line-height: 1.75em;, sans-serif;vertical-align: baseline;text-transform: uppercase;letter-spacing: 5px\"><strong style=\"margin: 0px;padding: 0px;border: 0px;font-style: inherit;font-variant: inherit;font-size: inherit;line-height: inherit;font-family: inherit;vertical-align: baseline\">Outils d'analyse et outils tiers<\/strong><\/h3><p style=\"margin-bottom: 1em;border: 0px;font-weight: 300;font-size: 21.3333px;line-height: inherit;, sans-serif;vertical-align: baseline;letter-spacing: 1px\">Lorsque vous visitez ce site web, votre comportement de navigation peut faire l'objet d'une \u00e9valuation statistique. Cela se fait principalement \u00e0 l'aide de ce que l'on appelle des programmes d'analyse.<\/p><p style=\"margin-bottom: 1em;border: 0px;font-weight: 300;font-size: 21.3333px;line-height: inherit;, sans-serif;vertical-align: baseline;letter-spacing: 1px\">Des informations d\u00e9taill\u00e9es sur ces programmes d'analyse sont disponibles dans la politique de confidentialit\u00e9 suivante.<\/p><h2 style=\"margin-bottom: 0px;padding-top: 0px;border: 0px;font-size: 1.25em;line-height: 1.75em;, sans-serif;vertical-align: baseline;text-transform: uppercase;letter-spacing: 8px\">2. L'h\u00e9bergement<\/h2><p style=\"margin-bottom: 1em;border: 0px;font-weight: 300;font-size: 21.3333px;line-height: inherit;, sans-serif;vertical-align: baseline;letter-spacing: 1px\">Nous h\u00e9bergeons le contenu de notre site web chez le fournisseur suivant :<\/p><p style=\"margin-bottom: 1em;border: 0px;font-weight: 300;font-size: 21.3333px;line-height: inherit;, sans-serif;vertical-align: baseline;letter-spacing: 1px\"><strong style=\"margin: 0px;padding: 0px;border: 0px;font-style: inherit;font-variant: inherit;font-size: inherit;line-height: inherit;font-family: inherit;vertical-align: baseline\">IONOS<\/strong><br>Le fournisseur est IONOS SE, Elgendorfer Str. 57, 56410 Montabaur (ci-apr\u00e8s d\u00e9nomm\u00e9 IONOS). Lorsque vous visitez notre site web, IONOS collecte divers fichiers journaux, y compris vos adresses IP. Pour plus de d\u00e9tails, veuillez vous r\u00e9f\u00e9rer \u00e0 la politique de confidentialit\u00e9 de IONOS :&nbsp;<a href=\"https:\/\/www.ionos.de\/terms-gtc\/terms-privacy\" target=\"_blank\" title=\"\" style=\"margin: 0px;padding: 0px;border: 0px;font: inherit;vertical-align: baseline\">https:\/\/www.ionos.de\/terms-gtc\/terms-privacy<\/a>.<\/p><p style=\"margin-bottom: 1em;border: 0px;font-weight: 300;font-size: 21.3333px;line-height: inherit;, sans-serif;vertical-align: baseline;letter-spacing: 1px\">L'utilisation de IONOS est bas\u00e9e sur l'article 6, paragraphe 1, lettre f du GDPR. Nous avons un int\u00e9r\u00eat l\u00e9gitime \u00e0 assurer la repr\u00e9sentation la plus fiable possible de notre site web. Si le consentement a \u00e9t\u00e9 demand\u00e9, dans la mesure o\u00f9 il inclut le stockage de cookies ou l'acc\u00e8s \u00e0 des informations sur l'appareil de l'utilisateur (par exemple, l'empreinte digitale de l'appareil) conform\u00e9ment au RGPD. Le consentement peut \u00eatre r\u00e9voqu\u00e9 \u00e0 tout moment.<\/p><h2 style=\"margin-bottom: 0px;padding-top: 0px;border: 0px;font-size: 1.25em;line-height: 1.75em;, sans-serif;vertical-align: baseline;text-transform: uppercase;letter-spacing: 8px\">3. Informations g\u00e9n\u00e9rales et obligatoires<\/h2><p style=\"margin-bottom: 1em;border: 0px;font-weight: 300;font-size: 21.3333px;line-height: inherit;, sans-serif;vertical-align: baseline;letter-spacing: 1px\"><strong style=\"margin: 0px;padding: 0px;border: 0px;font-style: inherit;font-variant: inherit;font-size: inherit;line-height: inherit;font-family: inherit;vertical-align: baseline\">Protection des donn\u00e9es<\/strong><br>Les exploitants de ces pages prennent tr\u00e8s au s\u00e9rieux la protection de vos donn\u00e9es personnelles. Nous traitons vos donn\u00e9es personnelles de mani\u00e8re confidentielle et conform\u00e9ment aux dispositions l\u00e9gales en mati\u00e8re de protection des donn\u00e9es ainsi qu'\u00e0 la pr\u00e9sente politique de confidentialit\u00e9.<br style=\"margin-bottom: 0px\">Lorsque vous utilisez ce site web, diverses donn\u00e9es personnelles sont collect\u00e9es. Les donn\u00e9es personnelles sont des donn\u00e9es qui peuvent \u00eatre utilis\u00e9es pour vous identifier personnellement. La pr\u00e9sente politique de confidentialit\u00e9 explique quelles donn\u00e9es nous collectons et comment nous les utilisons. Elle explique \u00e9galement comment et dans quel but cela se produit.<\/p><p style=\"margin-bottom: 1em;border: 0px;font-weight: 300;font-size: 21.3333px;line-height: inherit;, sans-serif;vertical-align: baseline;letter-spacing: 1px\">Nous tenons \u00e0 souligner que la transmission de donn\u00e9es sur l'internet (par exemple, la communication par courrier \u00e9lectronique) peut pr\u00e9senter des lacunes en mati\u00e8re de s\u00e9curit\u00e9. Une protection compl\u00e8te des donn\u00e9es contre l'acc\u00e8s de tiers n'est pas possible.<\/p><h3 style=\"margin-bottom: 0px;padding-top: 0px;border: 0px;font-size: 1em;line-height: 1.75em;, sans-serif;vertical-align: baseline;text-transform: uppercase;letter-spacing: 5px\">Avis sur la partie responsable<\/h3><p style=\"margin-bottom: 1em;border: 0px;font-weight: 300;font-size: 21.3333px;line-height: inherit;, sans-serif;vertical-align: baseline;letter-spacing: 1px\">Le responsable du traitement des donn\u00e9es sur ce site web est :<br><strong style=\"margin: 0px;padding: 0px;border: 0px;font-style: inherit;font-variant: inherit;font-size: inherit;line-height: inherit;font-family: inherit;vertical-align: baseline\">Ricardo Solis Pericas<\/strong><br>Antonio Marques 10.<br>07003. Majorque<br>T\u00e9l\u00e9phone : 620257031<br style=\"margin-bottom: 0px\">Courriel : info@alcudia-boat-rental.com<\/p><p style=\"margin-bottom: 1em;border: 0px;font-weight: 300;font-size: 21.3333px;line-height: inherit;, sans-serif;vertical-align: baseline;letter-spacing: 1px\">Le responsable est la personne physique ou morale qui, seule ou conjointement avec d'autres, d\u00e9cide des finalit\u00e9s et des moyens du traitement des donn\u00e9es \u00e0 caract\u00e8re personnel (par exemple, noms, adresses \u00e9lectroniques, etc.).<\/p><h3 style=\"margin-bottom: 0px;padding-top: 0px;border: 0px;font-size: 1em;line-height: 1.75em;, sans-serif;vertical-align: baseline;text-transform: uppercase;letter-spacing: 5px\">Dur\u00e9e du stockage<\/h3><p style=\"margin-bottom: 1em;border: 0px;font-weight: 300;font-size: 21.3333px;line-height: inherit;, sans-serif;vertical-align: baseline;letter-spacing: 1px\">Tant qu'aucune dur\u00e9e de conservation plus sp\u00e9cifique n'est mentionn\u00e9e dans la pr\u00e9sente politique de confidentialit\u00e9, vos donn\u00e9es personnelles resteront chez nous jusqu'\u00e0 ce que l'objectif du traitement des donn\u00e9es ne soit plus d'actualit\u00e9. Si vous faites une demande l\u00e9gitime de suppression ou si vous r\u00e9voquez votre consentement au traitement des donn\u00e9es, vos donn\u00e9es seront supprim\u00e9es, \u00e0 condition que nous n'ayons pas d'autres raisons l\u00e9galement admissibles de conserver vos donn\u00e9es personnelles (par exemple, les p\u00e9riodes de conservation en mati\u00e8re de droit fiscal ou commercial) ; dans ce dernier cas, la suppression interviendra apr\u00e8s que ces raisons auront cess\u00e9 de s'appliquer.<\/p><h3 style=\"margin-bottom: 0px;padding-top: 0px;border: 0px;font-size: 1em;line-height: 1.75em;, sans-serif;vertical-align: baseline;text-transform: uppercase;letter-spacing: 5px\">Informations g\u00e9n\u00e9rales sur les bases juridiques du traitement des donn\u00e9es sur ce site web<\/h3><p style=\"margin-bottom: 1em;border: 0px;font-weight: 300;font-size: 21.3333px;line-height: inherit;, sans-serif;vertical-align: baseline;letter-spacing: 1px\">Si vous avez consenti au traitement des donn\u00e9es. 2 lettre a GDPR si des cat\u00e9gories sp\u00e9ciales de donn\u00e9es sont trait\u00e9es. En cas de consentement explicite au transfert de donn\u00e9es \u00e0 caract\u00e8re personnel vers des pays tiers, le traitement des donn\u00e9es a \u00e9galement lieu. Si vous avez consenti au stockage de cookies ou \u00e0 l'acc\u00e8s \u00e0 des informations sur votre appareil (par exemple, par le biais de l'empreinte digitale de l'appareil). Ce consentement peut \u00eatre r\u00e9voqu\u00e9 \u00e0 tout moment. Si vos donn\u00e9es sont n\u00e9cessaires \u00e0 l'ex\u00e9cution d'un contrat ou de mesures pr\u00e9contractuelles, nous traitons vos donn\u00e9es. En outre, nous traitons vos donn\u00e9es si cela est n\u00e9cessaire pour remplir une obligation l\u00e9gale.<\/p><h3 style=\"margin-bottom: 0px;padding-top: 0px;border: 0px;font-size: 1em;line-height: 1.75em;, sans-serif;vertical-align: baseline;text-transform: uppercase;letter-spacing: 5px\">Destinataires des donn\u00e9es \u00e0 caract\u00e8re personnel<\/h3><p style=\"margin-bottom: 1em;border: 0px;font-weight: 300;font-size: 21.3333px;line-height: inherit;, sans-serif;vertical-align: baseline;letter-spacing: 1px\">Dans le cadre de nos activit\u00e9s commerciales, nous coop\u00e9rons avec diverses entit\u00e9s externes. Cela n\u00e9cessite parfois le transfert de donn\u00e9es \u00e0 caract\u00e8re personnel \u00e0 ces entit\u00e9s externes. Nous ne transmettons des donn\u00e9es \u00e0 caract\u00e8re personnel \u00e0 des parties externes que si cela est n\u00e9cessaire \u00e0 l'ex\u00e9cution d'un contrat, si nous sommes l\u00e9galement tenus de le faire (par exemple, transmission de donn\u00e9es aux autorit\u00e9s fiscales), si nous avons un int\u00e9r\u00eat l\u00e9gitime dans la transmission, ou si une autre base juridique autorise la transmission des donn\u00e9es. Lorsque nous faisons appel \u00e0 des sous-traitants, nous ne transmettons les donn\u00e9es personnelles de nos clients que sur la base d'un accord de traitement des donn\u00e9es valide. En cas de traitement conjoint, un accord de traitement conjoint sera conclu.<\/p><h3 style=\"margin-bottom: 0px;padding-top: 0px;border: 0px;font-size: 1em;line-height: 1.75em;, sans-serif;vertical-align: baseline;text-transform: uppercase;letter-spacing: 5px\">R\u00e9vocation de votre consentement au traitement des donn\u00e9es<\/h3><p style=\"margin-bottom: 1em;border: 0px;font-weight: 300;font-size: 21.3333px;line-height: inherit;, sans-serif;vertical-align: baseline;letter-spacing: 1px\">De nombreux traitements de donn\u00e9es ne sont possibles qu'avec votre consentement explicite. Vous pouvez r\u00e9voquer \u00e0 tout moment le consentement que vous avez donn\u00e9. La l\u00e9galit\u00e9 du traitement des donn\u00e9es effectu\u00e9 jusqu'\u00e0 la r\u00e9vocation n'est pas affect\u00e9e par celle-ci.<\/p><h3 style=\"margin-bottom: 0px;padding-top: 0px;border: 0px;font-size: 1em;line-height: 1.75em;, sans-serif;vertical-align: baseline;text-transform: uppercase;letter-spacing: 5px\">Droit d'opposition \u00e0 la collecte de donn\u00e9es dans des cas particuliers et contre le marketing direct<\/h3><p style=\"margin-bottom: 1em;border: 0px;font-weight: 300;font-size: 21.3333px;line-height: inherit;, sans-serif;vertical-align: baseline;letter-spacing: 1px\"><strong style=\"margin: 0px;padding: 0px;border: 0px;font-style: inherit;font-variant: inherit;font-size: inherit;line-height: inherit;font-family: inherit;vertical-align: baseline\">VOUS AVEZ LE DROIT DE VOUS OPPOSER \u00c0 TOUT MOMENT, POUR DES RAISONS TENANT \u00c0 VOTRE SITUATION PARTICULI\u00c8RE, AU TRAITEMENT DE VOS DONN\u00c9ES \u00c0 CARACT\u00c8RE PERSONNEL ; CECI S'APPLIQUE \u00c9GALEMENT AU PROFILAGE FOND\u00c9 SUR CES DISPOSITIONS.<\/strong><br style=\"margin-bottom: 0px\">La base juridique respective pour le traitement sur laquelle cela est bas\u00e9 est fournie dans la pr\u00e9sente politique de protection de la vie priv\u00e9e. Si vous vous y opposez, nous ne traiterons plus les donn\u00e9es \u00e0 caract\u00e8re personnel vous concernant, \u00e0 moins que nous ne puissions d\u00e9montrer l'existence de motifs l\u00e9gitimes imp\u00e9rieux pour le traitement qui pr\u00e9valent sur vos int\u00e9r\u00eats, droits et libert\u00e9s, ou que le traitement ne serve \u00e0 l'\u00e9tablissement, \u00e0 l'exercice ou \u00e0 la d\u00e9fense de droits en justice. .<\/p><p style=\"margin-bottom: 1em;border: 0px;font-weight: 300;font-size: 21.3333px;line-height: inherit;, sans-serif;vertical-align: baseline;letter-spacing: 1px\">Si vos donn\u00e9es personnelles sont trait\u00e9es \u00e0 des fins de marketing direct, vous avez le droit de vous opposer \u00e0 tout moment au traitement de vos donn\u00e9es personnelles \u00e0 de telles fins de marketing ; ceci s'applique \u00e9galement au profilage dans la mesure o\u00f9 il est li\u00e9 \u00e0 un tel marketing direct. Si vous vous y opposez, vos donn\u00e9es personnelles ne seront plus utilis\u00e9es \u00e0 des fins de marketing direct. .<\/p><h3 style=\"margin-bottom: 0px;padding-top: 0px;border: 0px;font-size: 1em;line-height: 1.75em;, sans-serif;vertical-align: baseline;text-transform: uppercase;letter-spacing: 5px\">Droit de d\u00e9poser une plainte aupr\u00e8s de l'autorit\u00e9 de surveillance<\/h3><p style=\"margin-bottom: 1em;border: 0px;font-weight: 300;font-size: 21.3333px;line-height: inherit;, sans-serif;vertical-align: baseline;letter-spacing: 1px\">En cas de violation du GDPR, les parties concern\u00e9es ont le droit de d\u00e9poser une plainte aupr\u00e8s d'une autorit\u00e9 de contr\u00f4le, en particulier dans l'\u00c9tat membre de leur r\u00e9sidence habituelle, de leur lieu de travail ou du lieu de la violation pr\u00e9sum\u00e9e. Le droit d'introduire une r\u00e9clamation est sans pr\u00e9judice d'autres recours administratifs ou judiciaires.<\/p><h3 style=\"margin-bottom: 0px;padding-top: 0px;border: 0px;font-size: 1em;line-height: 1.75em;, sans-serif;vertical-align: baseline;text-transform: uppercase;letter-spacing: 5px\">Droit \u00e0 la portabilit\u00e9 des donn\u00e9es<\/h3><p style=\"margin-bottom: 1em;border: 0px;font-weight: 300;font-size: 21.3333px;line-height: inherit;, sans-serif;vertical-align: baseline;letter-spacing: 1px\">Vous avez le droit d'obtenir que les donn\u00e9es que nous traitons automatiquement sur la base de votre consentement ou en ex\u00e9cution d'un contrat vous soient transmises ou soient transmises \u00e0 un tiers dans un format commun et lisible par machine. Si vous demandez le transfert direct des donn\u00e9es \u00e0 une autre partie responsable, cela ne sera fait que si cela est techniquement possible.<\/p><h3 style=\"margin-bottom: 0px;padding-top: 0px;border: 0px;font-size: 1em;line-height: 1.75em;, sans-serif;vertical-align: baseline;text-transform: uppercase;letter-spacing: 5px\">Acc\u00e8s, rectification et suppression<\/h3><p style=\"margin-bottom: 1em;border: 0px;font-weight: 300;font-size: 21.3333px;line-height: inherit;, sans-serif;vertical-align: baseline;letter-spacing: 1px\">Vous avez le droit d'obtenir, \u00e0 tout moment et gratuitement, des informations sur vos donn\u00e9es personnelles enregistr\u00e9es, leur origine, leurs destinataires et la finalit\u00e9 du traitement des donn\u00e9es, ainsi que, le cas \u00e9ch\u00e9ant, le droit de corriger ou d'effacer ces donn\u00e9es. \u00c0 cette fin, ainsi que pour toute autre question concernant les donn\u00e9es personnelles, vous pouvez nous contacter \u00e0 tout moment.<\/p><h3 style=\"margin-bottom: 0px;padding-top: 0px;border: 0px;font-size: 1em;line-height: 1.75em;, sans-serif;vertical-align: baseline;text-transform: uppercase;letter-spacing: 5px\">Droit de restreindre le traitement<\/h3><p style=\"margin-bottom: 1em;border: 0px;font-weight: 300;font-size: 21.3333px;line-height: inherit;, sans-serif;vertical-align: baseline;letter-spacing: 1px\">Vous avez le droit de demander la limitation du traitement de vos donn\u00e9es personnelles. Vous pouvez nous contacter \u00e0 tout moment \u00e0 cet effet. Le droit de restreindre le traitement existe dans les cas suivants :<\/p><ul style=\"margin-bottom: 1em;border: 0px;font-weight: 300;font-size: 21.3333px;line-height: inherit;, sans-serif;vertical-align: baseline;list-style-type: none;letter-spacing: 1px\"><li style=\"margin: 0px;padding: 0px;border: 0px;font: inherit;vertical-align: baseline\">Si vous contestez l'exactitude des donn\u00e9es \u00e0 caract\u00e8re personnel que nous avons enregistr\u00e9es, nous avons g\u00e9n\u00e9ralement besoin d'un certain temps pour les v\u00e9rifier. Pendant la dur\u00e9e de la v\u00e9rification, vous avez le droit de demander la restriction du traitement de vos donn\u00e9es personnelles.<\/li><li style=\"margin: 0px;padding: 0px;border: 0px;font: inherit;vertical-align: baseline\">Si le traitement de vos donn\u00e9es personnelles a \u00e9t\u00e9 ill\u00e9gal, vous pouvez demander la restriction du traitement des donn\u00e9es au lieu de la suppression.<\/li><li style=\"margin: 0px;padding: 0px;border: 0px;font: inherit;vertical-align: baseline\">Si nous n'avons plus besoin de vos donn\u00e9es \u00e0 caract\u00e8re personnel, mais que vous en avez besoin pour exercer, d\u00e9fendre ou faire valoir des droits l\u00e9gaux, vous avez le droit de demander la restriction du traitement de vos donn\u00e9es \u00e0 caract\u00e8re personnel au lieu de leur suppression.<\/li><li style=\"margin: 0px;padding: 0px;border: 0px;font: inherit;vertical-align: baseline\">Si vous avez d\u00e9pos\u00e9 une objection, une mise en balance de vos int\u00e9r\u00eats et des n\u00f4tres doit \u00eatre effectu\u00e9e. Tant que l'int\u00e9r\u00eat de l'un ou de l'autre n'est pas clairement \u00e9tabli, vous avez le droit de demander la limitation du traitement de vos donn\u00e9es \u00e0 caract\u00e8re personnel.<\/li><\/ul><p style=\"margin-bottom: 1em;border: 0px;font-weight: 300;font-size: 21.3333px;line-height: inherit;, sans-serif;vertical-align: baseline;letter-spacing: 1px\">Si vous avez limit\u00e9 le traitement de vos donn\u00e9es personnelles, ces donn\u00e9es - \u00e0 l'exception du stockage - ne peuvent \u00eatre trait\u00e9es qu'avec votre consentement ou pour la constatation, l'exercice ou la d\u00e9fense de droits en justice ou pour la protection des droits d'une autre personne physique ou morale ou pour des raisons d'int\u00e9r\u00eat public important de l'Union europ\u00e9enne ou d'un \u00c9tat membre.<\/p><h3 style=\"margin-bottom: 0px;padding-top: 0px;border: 0px;font-size: 1em;line-height: 1.75em;, sans-serif;vertical-align: baseline;text-transform: uppercase;letter-spacing: 5px\">Chiffrement SSL ou TLS<\/h3><p style=\"margin-bottom: 1em;border: 0px;font-weight: 300;font-size: 21.3333px;line-height: inherit;, sans-serif;vertical-align: baseline;letter-spacing: 1px\">Ce site utilise le cryptage SSL ou TLS pour des raisons de s\u00e9curit\u00e9 et pour prot\u00e9ger la transmission de contenus confidentiels, tels que les commandes ou les demandes que vous nous envoyez en tant qu'op\u00e9rateur du site. Vous pouvez reconna\u00eetre une connexion crypt\u00e9e au fait que la barre d'adresse du navigateur passe de \"http:\/\/\" \u00e0 \"https:\/\/\" et au symbole du cadenas dans la barre d'adresse de votre navigateur.<br style=\"margin-bottom: 0px\">Lorsque le cryptage SSL ou TLS est activ\u00e9, les donn\u00e9es que vous nous transmettez ne peuvent pas \u00eatre lues par des tiers.<\/p><h3 style=\"margin-bottom: 0px;padding-top: 0px;border: 0px;font-size: 1em;line-height: 1.75em;, sans-serif;vertical-align: baseline;text-transform: uppercase;letter-spacing: 5px\">Objection aux courriels publicitaires<\/h3><p style=\"margin-bottom: 1em;border: 0px;font-weight: 300;font-size: 21.3333px;line-height: inherit;, sans-serif;vertical-align: baseline;letter-spacing: 1px\">L'utilisation des donn\u00e9es de contact publi\u00e9es dans le cadre de l'obligation de respecter les mentions l\u00e9gales pour l'envoi de publicit\u00e9 et de mat\u00e9riel d'information non sollicit\u00e9s est contest\u00e9e par la pr\u00e9sente. Les exploitants de ces pages se r\u00e9servent express\u00e9ment le droit d'intenter une action en justice en cas d'envoi non sollicit\u00e9 d'informations publicitaires, telles que des courriers \u00e9lectroniques non sollicit\u00e9s (spam).<\/p><h2 style=\"margin-bottom: 0px;padding-top: 0px;border: 0px;font-size: 1.25em;line-height: 1.75em;, sans-serif;vertical-align: baseline;text-transform: uppercase;letter-spacing: 8px\">4. Collecte de donn\u00e9es sur ce site web<\/h2><p style=\"margin-bottom: 1em;border: 0px;font-weight: 300;font-size: 21.3333px;line-height: inherit;, sans-serif;vertical-align: baseline;letter-spacing: 1px\">6 \/ 11<\/p><h3 style=\"margin-bottom: 0px;padding-top: 0px;border: 0px;font-size: 1em;line-height: 1.75em;, sans-serif;vertical-align: baseline;text-transform: uppercase;letter-spacing: 5px\">Cookies<\/h3><p style=\"margin-bottom: 1em;border: 0px;font-weight: 300;font-size: 21.3333px;line-height: inherit;, sans-serif;vertical-align: baseline;letter-spacing: 1px\">Nos sites web utilisent des \u201ccookies\u201d. Les cookies sont de petits paquets de donn\u00e9es qui n'endommagent pas votre appareil. Ils sont soit stock\u00e9s temporairement pour la dur\u00e9e d'une session (cookies de session), soit stock\u00e9s de mani\u00e8re permanente (cookies persistants) sur votre appareil. Les cookies de session sont automatiquement supprim\u00e9s \u00e0 la fin de votre visite. Les cookies persistants restent stock\u00e9s sur votre appareil jusqu'\u00e0 ce que vous les supprimiez vous-m\u00eame ou qu'une suppression automatique se produise via votre navigateur web.<\/p><p style=\"margin-bottom: 1em;border: 0px;font-weight: 300;font-size: 21.3333px;line-height: inherit;, sans-serif;vertical-align: baseline;letter-spacing: 1px\">Les cookies peuvent provenir de nous (cookies de premi\u00e8re partie) ou de tiers (cookies de tierce partie). Les cookies de tiers permettent l'int\u00e9gration de services sp\u00e9cifiques de tiers dans les sites web (par exemple, des cookies pour le traitement des services de paiement).<\/p><p style=\"margin-bottom: 1em;border: 0px;font-weight: 300;font-size: 21.3333px;line-height: inherit;, sans-serif;vertical-align: baseline;letter-spacing: 1px\">Les cookies remplissent diverses fonctions. De nombreux cookies sont techniquement n\u00e9cessaires parce que certaines fonctions du site web ne fonctionneraient pas sans eux (par exemple, les fonctions de panier d'achat ou les affichages vid\u00e9o). D'autres cookies peuvent \u00eatre utilis\u00e9s pour analyser le comportement des utilisateurs ou \u00e0 des fins publicitaires.<\/p><p style=\"margin-bottom: 1em;border: 0px;font-weight: 300;font-size: 21.3333px;line-height: inherit;, sans-serif;vertical-align: baseline;letter-spacing: 1px\">Les cookies n\u00e9cessaires \u00e0 l'ex\u00e9cution du processus de communication \u00e9lectronique, \u00e0 la fourniture de certaines fonctions que vous demandez (par exemple, pour la fonction de panier d'achat) ou \u00e0 l'optimisation du site web (par exemple, les cookies pour mesurer l'audience du web) sont stock\u00e9s, \u00e0 moins qu'une autre base juridique ne soit sp\u00e9cifi\u00e9e. L'exploitant du site web a un int\u00e9r\u00eat l\u00e9gitime \u00e0 stocker les cookies n\u00e9cessaires \u00e0 la fourniture de services techniquement exempts d'erreurs et optimis\u00e9s. Si le consentement au stockage de cookies et de technologies de reconnaissance similaires a \u00e9t\u00e9 demand\u00e9, le traitement est effectu\u00e9 uniquement sur la base de ce consentement ; le consentement peut \u00eatre r\u00e9voqu\u00e9 \u00e0 tout moment.<\/p><p style=\"margin-bottom: 1em;border: 0px;font-weight: 300;font-size: 21.3333px;line-height: inherit;, sans-serif;vertical-align: baseline;letter-spacing: 1px\">Vous pouvez configurer votre navigateur de mani\u00e8re \u00e0 \u00eatre inform\u00e9 de l'installation de cookies et \u00e0 ne les autoriser qu'au cas par cas, \u00e0 exclure l'acceptation de cookies dans certains cas ou de mani\u00e8re g\u00e9n\u00e9rale, ainsi qu'\u00e0 activer la suppression automatique des cookies \u00e0 la fermeture du navigateur. La d\u00e9sactivation des cookies peut limiter la fonctionnalit\u00e9 de ce site web.<\/p><p style=\"margin-bottom: 1em;border: 0px;font-weight: 300;font-size: 21.3333px;line-height: inherit;, sans-serif;vertical-align: baseline;letter-spacing: 1px\">Les cookies et les services utilis\u00e9s sur ce site web sont d\u00e9crits dans la pr\u00e9sente politique de confidentialit\u00e9.<\/p><h3 style=\"margin-bottom: 0px;padding-top: 0px;border: 0px;font-size: 1em;line-height: 1.75em;, sans-serif;vertical-align: baseline;text-transform: uppercase;letter-spacing: 5px\">Formulaire de contact<\/h3><p style=\"margin-bottom: 1em;border: 0px;font-weight: 300;font-size: 21.3333px;line-height: inherit;, sans-serif;vertical-align: baseline;letter-spacing: 1px\">Si vous nous envoyez des demandes via le formulaire de contact, les informations que vous fournissez dans le formulaire, y compris les coordonn\u00e9es que vous y indiquez, seront stock\u00e9es par nous dans le but de traiter votre demande et en cas de questions de suivi. Nous ne partagerons pas ces donn\u00e9es sans votre consentement.<\/p><p style=\"margin-bottom: 1em;border: 0px;font-weight: 300;font-size: 21.3333px;line-height: inherit;, sans-serif;vertical-align: baseline;letter-spacing: 1px\">si votre demande est li\u00e9e \u00e0 l'ex\u00e9cution d'un contrat ou est n\u00e9cessaire pour des mesures pr\u00e9contractuelles. Dans tous les autres cas, le traitement est fond\u00e9 sur notre int\u00e9r\u00eat l\u00e9gitime \u00e0 traiter efficacement les demandes qui nous sont adress\u00e9es ou sur votre consentement s'il est demand\u00e9 ; le consentement peut \u00eatre r\u00e9voqu\u00e9 \u00e0 tout moment.<\/p><p style=\"margin-bottom: 1em;border: 0px;font-weight: 300;font-size: 21.3333px;line-height: inherit;, sans-serif;vertical-align: baseline;letter-spacing: 1px\">Les donn\u00e9es que vous saisissez dans le formulaire de contact sont conserv\u00e9es jusqu'\u00e0 ce que vous demandiez leur suppression, que vous r\u00e9voquiez votre consentement \u00e0 leur conservation ou que la finalit\u00e9 de la conservation des donn\u00e9es ne s'applique plus (par exemple, apr\u00e8s le traitement de votre demande). Les dispositions l\u00e9gales obligatoires - en particulier les d\u00e9lais de conservation - ne sont pas affect\u00e9es.<\/p><h3 style=\"margin-bottom: 0px;padding-top: 0px;border: 0px;font-size: 1em;line-height: 1.75em;, sans-serif;vertical-align: baseline;text-transform: uppercase;letter-spacing: 5px\">Demandes de renseignements par courrier \u00e9lectronique, t\u00e9l\u00e9phone ou t\u00e9l\u00e9copie<\/h3><p style=\"margin-bottom: 1em;border: 0px;font-weight: 300;font-size: 21.3333px;line-height: inherit;, sans-serif;vertical-align: baseline;letter-spacing: 1px\">Si vous nous contactez par courrier \u00e9lectronique, par t\u00e9l\u00e9phone ou par t\u00e9l\u00e9copie, votre demande, y compris toutes les donn\u00e9es personnelles qui en d\u00e9coulent (nom, demande), sera stock\u00e9e et trait\u00e9e par nos soins dans le but de r\u00e9pondre \u00e0 votre pr\u00e9occupation. Nous ne partagerons pas ces donn\u00e9es sans votre consentement.<\/p><p style=\"margin-bottom: 1em;border: 0px;font-weight: 300;font-size: 21.3333px;line-height: inherit;, sans-serif;vertical-align: baseline;letter-spacing: 1px\">si votre demande est li\u00e9e \u00e0 l'ex\u00e9cution d'un contrat ou est n\u00e9cessaire pour des mesures pr\u00e9contractuelles. Dans tous les autres cas, le traitement est fond\u00e9 sur notre int\u00e9r\u00eat l\u00e9gitime \u00e0 traiter efficacement les demandes qui nous sont adress\u00e9es ou sur votre consentement s'il est demand\u00e9 ; le consentement peut \u00eatre r\u00e9voqu\u00e9 \u00e0 tout moment.<\/p><p style=\"margin-bottom: 1em;border: 0px;font-weight: 300;font-size: 21.3333px;line-height: inherit;, sans-serif;vertical-align: baseline;letter-spacing: 1px\">Les donn\u00e9es que vous nous envoyez par le biais des demandes de contact seront conserv\u00e9es jusqu'\u00e0 ce que vous demandiez leur suppression, que vous r\u00e9voquiez votre consentement \u00e0 leur conservation ou que la finalit\u00e9 de la conservation des donn\u00e9es ne s'applique plus (par exemple, apr\u00e8s le traitement de votre demande). Les dispositions l\u00e9gales obligatoires - en particulier les d\u00e9lais de conservation l\u00e9gaux - ne sont pas affect\u00e9es.<\/p><h2 style=\"margin-bottom: 0px;padding-top: 0px;border: 0px;font-size: 1.25em;line-height: 1.75em;, sans-serif;vertical-align: baseline;text-transform: uppercase;letter-spacing: 8px\">5. Bulletin d'information<\/h2><h3 style=\"margin-bottom: 0px;padding-top: 0px;border: 0px;font-size: 1em;line-height: 1.75em;, sans-serif;vertical-align: baseline;text-transform: uppercase;letter-spacing: 5px\">Donn\u00e9es du bulletin d'information<\/h3><p style=\"margin-bottom: 1em;border: 0px;font-weight: 300;font-size: 21.3333px;line-height: inherit;, sans-serif;vertical-align: baseline;letter-spacing: 1px\">Si vous souhaitez recevoir la lettre d'information propos\u00e9e sur le site web, nous avons besoin de votre adresse \u00e9lectronique, ainsi que d'informations nous permettant de v\u00e9rifier que vous \u00eates bien le propri\u00e9taire de l'adresse \u00e9lectronique fournie et que vous acceptez de recevoir la lettre d'information. Les donn\u00e9es suppl\u00e9mentaires ne sont collect\u00e9es que sur une base volontaire. Nous utilisons ces donn\u00e9es exclusivement pour l'envoi des informations demand\u00e9es et ne les partageons pas avec des tiers.<\/p><p style=\"margin-bottom: 1em;border: 0px;font-weight: 300;font-size: 21.3333px;line-height: inherit;, sans-serif;vertical-align: baseline;letter-spacing: 1px\">Le traitement des donn\u00e9es saisies dans le formulaire d'inscription \u00e0 la lettre d'information est effectu\u00e9 uniquement sur la base de votre consentement. Le consentement accord\u00e9 pour l'enregistrement des donn\u00e9es, l'adresse \u00e9lectronique et son utilisation pour l'envoi de la lettre d'information peut \u00eatre r\u00e9voqu\u00e9 \u00e0 tout moment, par exemple via le lien \u201cunsubscribe\u201d (se d\u00e9sabonner) dans la lettre d'information. La l\u00e9galit\u00e9 des op\u00e9rations de traitement des donn\u00e9es d\u00e9j\u00e0 effectu\u00e9es n'est pas affect\u00e9e par la r\u00e9vocation.<\/p><p style=\"margin-bottom: 1em;border: 0px;font-weight: 300;font-size: 21.3333px;line-height: inherit;, sans-serif;vertical-align: baseline;letter-spacing: 1px\">Les donn\u00e9es que vous fournissez pour recevoir la lettre d'information seront stock\u00e9es par nous jusqu'\u00e0 ce que vous vous d\u00e9sinscriviez de la lettre d'information ou jusqu'\u00e0 ce que l'objectif ne soit plus d'actualit\u00e9. Apr\u00e8s le d\u00e9sabonnement, les donn\u00e9es seront supprim\u00e9es de la liste de distribution de la lettre d'information. Nous nous r\u00e9servons le droit de supprimer ou de bloquer des adresses \u00e9lectroniques de notre liste de distribution de la lettre d'information, \u00e0 notre discr\u00e9tion et dans le cadre de notre int\u00e9r\u00eat l\u00e9gitime.<\/p><p style=\"margin-bottom: 1em;border: 0px;font-weight: 300;font-size: 21.3333px;line-height: inherit;, sans-serif;vertical-align: baseline;letter-spacing: 1px\">Les donn\u00e9es stock\u00e9es \u00e0 d'autres fins ne sont pas affect\u00e9es.<\/p><p style=\"margin-bottom: 1em;border: 0px;font-weight: 300;font-size: 21.3333px;line-height: inherit;, sans-serif;vertical-align: baseline;letter-spacing: 1px\">Une fois que vous vous \u00eates d\u00e9sinscrit de la liste de distribution de la lettre d'information, votre adresse \u00e9lectronique peut \u00eatre stock\u00e9e par nous ou par le fournisseur de services de lettres d'information dans une liste noire si cela s'av\u00e8re n\u00e9cessaire pour emp\u00eacher des envois ult\u00e9rieurs. Les donn\u00e9es de la liste noire sont utilis\u00e9es exclusivement \u00e0 cette fin et ne sont pas fusionn\u00e9es avec d'autres donn\u00e9es. Cela sert \u00e0 la fois votre int\u00e9r\u00eat et notre int\u00e9r\u00eat \u00e0 nous conformer aux exigences l\u00e9gales lors de l'envoi de lettres d'information (int\u00e9r\u00eat l\u00e9gitime). L'enregistrement dans la liste noire n'est pas limit\u00e9 dans le temps. Vous pouvez vous opposer au stockage si vos int\u00e9r\u00eats l'emportent sur notre int\u00e9r\u00eat l\u00e9gitime.<\/p><h2 style=\"margin-bottom: 0px;padding-top: 0px;border: 0px;font-size: 1.25em;line-height: 1.75em;, sans-serif;vertical-align: baseline;text-transform: uppercase;letter-spacing: 8px\">6. Plugins et outils<\/h2><h3 style=\"margin-bottom: 0px;padding-top: 0px;border: 0px;font-size: 1em;line-height: 1.75em;, sans-serif;vertical-align: baseline;text-transform: uppercase;letter-spacing: 5px\">Vimeo<\/h3><p style=\"margin-bottom: 1em;border: 0px;font-weight: 300;font-size: 21.3333px;line-height: inherit;, sans-serif;vertical-align: baseline;letter-spacing: 1px\">Ce site web utilise des plugins du portail vid\u00e9o Vimeo. Le fournisseur est Vimeo Inc. 555 West 18th Street, New York, New York 10011, USA.<\/p><p style=\"margin-bottom: 1em;border: 0px;font-weight: 300;font-size: 21.3333px;line-height: inherit;, sans-serif;vertical-align: baseline;letter-spacing: 1px\">Lorsque vous visitez l'une de nos pages contenant une vid\u00e9o Vimeo, une connexion est \u00e9tablie avec les serveurs de Vimeo. Le serveur de Vimeo est ainsi inform\u00e9 des pages que vous avez visit\u00e9es. En outre, Vimeo obtient votre adresse IP. Cela s'applique m\u00eame si vous n'\u00eates pas connect\u00e9 \u00e0 Vimeo ou si vous n'avez pas de compte chez Vimeo. Les informations collect\u00e9es par Vimeo sont transmises au serveur de Vimeo aux \u00c9tats-Unis.<\/p><p style=\"margin-bottom: 1em;border: 0px;font-weight: 300;font-size: 21.3333px;line-height: inherit;, sans-serif;vertical-align: baseline;letter-spacing: 1px\">Si vous \u00eates connect\u00e9 \u00e0 votre compte Vimeo, vous autorisez Vimeo \u00e0 associer directement votre comportement de navigation \u00e0 votre profil personnel. Vous pouvez emp\u00eacher cela en vous d\u00e9connectant de votre compte Vimeo.<\/p><p style=\"margin-bottom: 1em;border: 0px;font-weight: 300;font-size: 21.3333px;line-height: inherit;, sans-serif;vertical-align: baseline;letter-spacing: 1px\">Pour reconna\u00eetre les visiteurs de son site web, Vimeo utilise des cookies ou des technologies de reconnaissance similaires (par exemple, l'empreinte digitale de l'appareil).<\/p><p style=\"margin-bottom: 1em;border: 0px;font-weight: 300;font-size: 21.3333px;line-height: inherit;, sans-serif;vertical-align: baseline;letter-spacing: 1px\">L'utilisation de Vimeo est dans l'int\u00e9r\u00eat d'une pr\u00e9sentation attrayante de nos services en ligne. Il s'agit d'un int\u00e9r\u00eat l\u00e9gitime. Si le consentement a \u00e9t\u00e9 demand\u00e9, le traitement aura lieu, dans la mesure o\u00f9 le consentement inclut le stockage de cookies ou l'acc\u00e8s \u00e0 des informations sur l'appareil de l'utilisateur (par exemple, l'empreinte digitale de l'appareil) conform\u00e9ment \u00e0 la directive sur le traitement des donn\u00e9es \u00e0 caract\u00e8re personnel et la protection des donn\u00e9es. Le consentement peut \u00eatre retir\u00e9 \u00e0 tout moment.<\/p><p style=\"margin-bottom: 1em;border: 0px;font-weight: 300;font-size: 21.3333px;line-height: inherit;, sans-serif;vertical-align: baseline;letter-spacing: 1px\">Le transfert de donn\u00e9es vers les \u00c9tats-Unis se fonde sur les clauses contractuelles types de la Commission europ\u00e9enne et, selon Vimeo, sur des \"int\u00e9r\u00eats commerciaux l\u00e9gitimes\". Pour plus d'informations, consultez le site :&nbsp;<a href=\"https:\/\/vimeo.com\/privacy\" title=\"\" style=\"margin: 0px;padding: 0px;border: 0px;font: inherit;vertical-align: baseline\">https:\/\/vimeo.com\/privacy<\/a>.<\/p><p style=\"margin-bottom: 1em;border: 0px;font-weight: 300;font-size: 21.3333px;line-height: inherit;, sans-serif;vertical-align: baseline;letter-spacing: 1px\">Pour plus d'informations sur le traitement des donn\u00e9es des utilisateurs, consultez la politique de confidentialit\u00e9 de Vimeo \u00e0 l'adresse suivante :&nbsp;<a href=\"https:\/\/vimeo.com\/privacy\" title=\"\" style=\"margin: 0px;padding: 0px;border: 0px;font: inherit;vertical-align: baseline\">https:\/\/vimeo.com\/privacy<\/a>.<\/p><p style=\"margin-bottom: 1em;border: 0px;font-weight: 300;font-size: 21.3333px;line-height: inherit;, sans-serif;vertical-align: baseline;letter-spacing: 1px\">L'entreprise est certifi\u00e9e au titre du \"cadre de protection des donn\u00e9es UE-\u00c9tats-Unis\" (DPF). Le DPF est un accord entre l'Union europ\u00e9enne et les \u00c9tats-Unis visant \u00e0 garantir le respect des normes europ\u00e9ennes de protection des donn\u00e9es dans le cadre du traitement des donn\u00e9es aux \u00c9tats-Unis. Chaque entreprise certifi\u00e9e dans le cadre du DPF s'engage \u00e0 respecter ces normes de confidentialit\u00e9. De plus amples informations sont disponibles aupr\u00e8s du fournisseur \u00e0 l'adresse suivante&nbsp;<a href=\"https:\/\/www.dataprivacyframework.gov\/participant\/5711\" title=\"\" style=\"margin: 0px;padding: 0px;border: 0px;font: inherit;vertical-align: baseline\">https:\/\/www.dataprivacyframework.gov\/participant\/5711<\/a>.<\/p><h3 style=\"margin-bottom: 0px;padding-top: 0px;border: 0px;font-size: 1em;line-height: 1.75em;, sans-serif;vertical-align: baseline;text-transform: uppercase;letter-spacing: 5px\">Polices de caract\u00e8res Google<\/h3><p style=\"margin-bottom: 1em;border: 0px;font-weight: 300;font-size: 21.3333px;line-height: inherit;, sans-serif;vertical-align: baseline;letter-spacing: 1px\">Ce site utilise Google Fonts pour garantir un affichage coh\u00e9rent des polices de caract\u00e8res fournies par Google. Lorsque vous visitez une page, votre navigateur charge les polices requises dans son cache afin d'afficher correctement les textes et les polices.<\/p><p style=\"margin-bottom: 1em;border: 0px;font-weight: 300;font-size: 21.3333px;line-height: inherit;, sans-serif;vertical-align: baseline;letter-spacing: 1px\">Pour ce faire, le navigateur que vous utilisez doit se connecter aux serveurs de Google. Cela permet \u00e0 Google de savoir que votre adresse IP a acc\u00e9d\u00e9 \u00e0 ce site web. L'exploitant du site web a un int\u00e9r\u00eat l\u00e9gitime \u00e0 ce que le texte du site soit pr\u00e9sent\u00e9 de mani\u00e8re coh\u00e9rente. Si un consentement a \u00e9t\u00e9 demand\u00e9, le traitement aura lieu uniquement , dans la mesure o\u00f9 le consentement inclut le stockage de cookies ou l'acc\u00e8s \u00e0 des informations sur l'appareil de l'utilisateur (par exemple, l'empreinte digitale de l'appareil) conform\u00e9ment \u00e0 la directive TDDDG. Le consentement peut \u00eatre retir\u00e9 \u00e0 tout moment.<\/p><p style=\"margin-bottom: 1em;border: 0px;font-weight: 300;font-size: 21.3333px;line-height: inherit;, sans-serif;vertical-align: baseline;letter-spacing: 1px\">Si votre navigateur ne prend pas en charge les polices Google, une police standard sera utilis\u00e9e \u00e0 partir de votre ordinateur.<\/p><p style=\"margin-bottom: 1em;border: 0px;font-weight: 300;font-size: 21.3333px;line-height: inherit;, sans-serif;vertical-align: baseline;letter-spacing: 1px\">Pour plus d'informations sur Google Fonts, visitez le site :&nbsp;<a href=\"https:\/\/developers.google.com\/fonts\/faq\" title=\"\" style=\"margin: 0px;padding: 0px;border: 0px;font: inherit;vertical-align: baseline\">https:\/\/developers.google.com\/fonts\/faq<\/a>&nbsp;et la politique de confidentialit\u00e9 de Google \u00e0 l'adresse suivante&nbsp;<a href=\"https:\/\/policies.google.com\/privacy?hl=de\" title=\"\" style=\"margin: 0px;padding: 0px;border: 0px;font: inherit;vertical-align: baseline\">https:\/\/policies.google.com\/privacy?hl=de<\/a>.<\/p><p style=\"margin-bottom: 1em;border: 0px;font-weight: 300;font-size: 21.3333px;line-height: inherit;, sans-serif;vertical-align: baseline;letter-spacing: 1px\">L'entreprise est certifi\u00e9e au titre du \"cadre de protection des donn\u00e9es UE-\u00c9tats-Unis\" (DPF). Le DPF est un accord entre l'Union europ\u00e9enne et les \u00c9tats-Unis visant \u00e0 garantir le respect des normes europ\u00e9ennes de protection des donn\u00e9es dans le cadre du traitement des donn\u00e9es aux \u00c9tats-Unis. Chaque entreprise certifi\u00e9e dans le cadre du DPF s'engage \u00e0 respecter ces normes de confidentialit\u00e9. De plus amples informations sont disponibles aupr\u00e8s du fournisseur \u00e0 l'adresse suivante&nbsp;<a href=\"https:\/\/www.dataprivacyframework.gov\/participant\/5780\" title=\"\" style=\"margin: 0px;padding: 0px;border: 0px;font: inherit;vertical-align: baseline\">https:\/\/www.dataprivacyframework.gov\/participant\/5780<\/a>.<\/p><h3 style=\"margin-bottom: 0px;padding-top: 0px;border: 0px;font-size: 1em;line-height: 1.75em;, sans-serif;vertical-align: baseline;text-transform: uppercase;letter-spacing: 5px\">Google Maps<\/h3><p style=\"margin-bottom: 1em;border: 0px;font-weight: 300;font-size: 21.3333px;line-height: inherit;, sans-serif;vertical-align: baseline;letter-spacing: 1px\">Ce site utilise le service de cartographie Google Maps. Le fournisseur est Google Ireland Limited (\"Google\"), Gordon House, Barrow Street, Dublin 4, Irlande. L'utilisation de ce service nous permet d'int\u00e9grer des cartes sur notre site web.<\/p><p style=\"margin-bottom: 1em;border: 0px;font-weight: 300;font-size: 21.3333px;line-height: inherit;, sans-serif;vertical-align: baseline;letter-spacing: 1px\">Pour utiliser les fonctionnalit\u00e9s de Google Maps, il est n\u00e9cessaire d'enregistrer votre adresse IP. Ces informations sont g\u00e9n\u00e9ralement transmises \u00e0 un serveur de Google aux \u00c9tats-Unis et y sont stock\u00e9es. Le fournisseur de ce site n'a aucune influence sur cette transmission de donn\u00e9es. Lorsque Google Maps est activ\u00e9, Google peut utiliser Google Fonts pour l'affichage coh\u00e9rent des polices de caract\u00e8res. Lorsque Google Maps est appel\u00e9, votre navigateur charge les polices web requises dans son cache afin d'afficher correctement les textes et les polices.<\/p><p style=\"margin-bottom: 1em;border: 0px;font-weight: 300;font-size: 21.3333px;line-height: inherit;, sans-serif;vertical-align: baseline;letter-spacing: 1px\">L'utilisation de Google Maps a pour but de fournir une pr\u00e9sentation attrayante de nos services en ligne et de faciliter la localisation des lieux mentionn\u00e9s sur notre site web. Il s'agit d'un int\u00e9r\u00eat l\u00e9gitime. Si le consentement a \u00e9t\u00e9 demand\u00e9, le traitement aura lieu, dans la mesure o\u00f9 le consentement inclut le stockage de cookies ou l'acc\u00e8s \u00e0 des informations sur l'appareil de l'utilisateur (par exemple, l'empreinte digitale de l'appareil) conform\u00e9ment \u00e0 la directive TDDDG. Le consentement peut \u00eatre retir\u00e9 \u00e0 tout moment.<\/p><p style=\"margin-bottom: 1em;border: 0px;font-weight: 300;font-size: 21.3333px;line-height: inherit;, sans-serif;vertical-align: baseline;letter-spacing: 1px\">Le transfert de donn\u00e9es vers les \u00c9tats-Unis se fonde sur les clauses contractuelles types de la Commission europ\u00e9enne. Pour plus d'informations, consultez le site :&nbsp;<a href=\"https:\/\/privacy.google.com\/businesses\/gdprcontrollerterms\/\" title=\"\" style=\"margin: 0px;padding: 0px;border: 0px;font: inherit;vertical-align: baseline\">https:\/\/privacy.google.com\/businesses\/gdprcontrollerterms\/<\/a>&nbsp;et&nbsp;<a href=\"https:\/\/privacy.google.com\/businesses\/gdprcontrollerterms\/sccs\/\" title=\"\" style=\"margin: 0px;padding: 0px;border: 0px;font: inherit;vertical-align: baseline\">https:\/\/privacy.google.com\/businesses\/gdprcontrollerterms\/sccs\/<\/a>.<\/p><p style=\"margin-bottom: 1em;border: 0px;font-weight: 300;font-size: 21.3333px;line-height: inherit;, sans-serif;vertical-align: baseline;letter-spacing: 1px\">Pour plus d'informations sur le traitement des donn\u00e9es des utilisateurs, consultez les r\u00e8gles de confidentialit\u00e9 de Google \u00e0 l'adresse suivante :&nbsp;<a href=\"https:\/\/policies.google.com\/privacy?hl=de\" title=\"\" style=\"margin: 0px;padding: 0px;border: 0px;font: inherit;vertical-align: baseline\">https:\/\/policies.google.com\/privacy?hl=de<\/a>.<\/p><p style=\"margin-bottom: 0px;border: 0px;font-weight: 300;font-size: 21.3333px;line-height: inherit;, sans-serif;vertical-align: baseline;letter-spacing: 1px\">L'entreprise est certifi\u00e9e au titre du \"cadre de protection des donn\u00e9es UE-\u00c9tats-Unis\" (DPF). Le DPF est un accord entre l'Union europ\u00e9enne et les \u00c9tats-Unis visant \u00e0 garantir le respect des normes europ\u00e9ennes de protection des donn\u00e9es dans le cadre du traitement des donn\u00e9es aux \u00c9tats-Unis. Chaque entreprise certifi\u00e9e dans le cadre du DPF s'engage \u00e0 respecter ces normes de confidentialit\u00e9. De plus amples informations sont disponibles aupr\u00e8s du fournisseur \u00e0 l'adresse suivante&nbsp;<a href=\"https:\/\/www.dataprivacyframework.gov\/participant\/5780\" title=\"\" style=\"margin: 0px;padding: 0px;border: 0px;font: inherit;vertical-align: baseline\">https:\/\/www.dataprivacyframework.gov\/participant\/5780<\/a>.<\/p><\/h2>\t\t\t\t<\/div>\n\t\t\t\t<\/div>\n\t\t\t\t<div class=\"elementor-element elementor-element-f5c1021 elementor-widget-divider--view-line elementor-widget elementor-widget-divider\" data-id=\"f5c1021\" data-element_type=\"widget\" data-e-type=\"widget\" data-widget_type=\"divider.default\">\n\t\t\t\t<div class=\"elementor-widget-container\">\n\t\t\t\t\t\t\t<div class=\"elementor-divider\">\n\t\t\t<span class=\"elementor-divider-separator\">\n\t\t\t\t\t\t<\/span>\n\t\t<\/div>\n\t\t\t\t\t\t<\/div>\n\t\t\t\t<\/div>\n\t\t\t\t<div class=\"elementor-element elementor-element-ec2af42 elementor-widget elementor-widget-heading\" data-id=\"ec2af42\" data-element_type=\"widget\" data-e-type=\"widget\" data-widget_type=\"heading.default\">\n\t\t\t\t<div class=\"elementor-widget-container\">\n\t\t\t\t\t<h2 class=\"elementor-heading-title elementor-size-default\"><header style=\"margin: 0px 0px 1em;padding: 0px;border: 0px;font-weight: 300;font-size: 21.3333px;line-height: inherit;, sans-serif;vertical-align: baseline;text-align: center;letter-spacing: 1px\"><h4 style=\"margin-bottom: 0px;border: 0px;font-style: inherit;font-variant: inherit;font-weight: 400;font-size: inherit;line-height: 1.75em;font-family: inherit;vertical-align: baseline;text-transform: uppercase\">POLITIQUE D'ANNULATION :<\/h4><\/header><div class=\"block\" style=\"margin: 0px;padding: 1em 0px 1em 2em;border-width: 0px 0px 0px 0.5em;border-top-style: initial;border-right-style: initial;border-bottom-style: initial;border-left-style: solid;border-top-color: initial;border-right-color: initial;border-bottom-color: initial;font-style: italic;font-weight: 300;font-size: 21.3333px;line-height: inherit;, sans-serif;vertical-align: baseline;text-align: center;letter-spacing: 1px\">RETRAIT de la part du client : Annulation 60 jours avant le d\u00e9part : p\u00e9nalit\u00e9 de 50% du montant de la location. Annulation entre 30 et 60 jours avant le d\u00e9part : une p\u00e9nalit\u00e9 de 75% du montant de la location. Annulations moins de 30 jours avant le d\u00e9part : p\u00e9nalit\u00e9 de 100% du montant de la location. Pour traiter les annulations, le bailleur facturera 35 \u20ac au client pour les frais de gestion.<\/div><\/h2>\t\t\t\t<\/div>\n\t\t\t\t<\/div>\n\t\t\t\t\t<\/div>\n\t\t<\/div>\n\t\t\t\t\t<\/div>\n\t\t<\/section>\n\t\t\t\t<\/div>","protected":false},"excerpt":{"rendered":"<p>QUELLE EST LA FONCTION DE CE SITE WEB ? Ce sous-domaine appartient \u00e0 www.alcudia-boat-rental.com, et sa fonction est d'\u00eatre int\u00e9gr\u00e9 en tant qu'iframe dans le site web principal. REDUCED PRIVACY POLICY Alcudia Bay Boat Rental est la propri\u00e9t\u00e9 de Ricardo Solis Pericas, 43124588W, Antonio Marques 10, Palma, 07003, SPAIN.in accordance with the provisions of Law 25 of ... <\/p>\n<p class=\"link-more\"><a href=\"https:\/\/reserves2.alcudia-boat-rental.com\/fr\" class=\"more-link\">Continuer la lecture<span class=\"screen-reader-text\"> de \u00ab Polit privacidad \u00bb<\/span><\/a><\/p>","protected":false},"author":1,"featured_media":0,"parent":0,"menu_order":0,"comment_status":"closed","ping_status":"closed","template":"elementor_canvas","meta":{"footnotes":""},"class_list":["post-670","page","type-page","status-publish","hentry"],"_links":{"self":[{"href":"https:\/\/reserves2.alcudia-boat-rental.com\/fr\/wp-json\/wp\/v2\/pages\/670","targetHints":{"allow":["GET"]}}],"collection":[{"href":"https:\/\/reserves2.alcudia-boat-rental.com\/fr\/wp-json\/wp\/v2\/pages"}],"about":[{"href":"https:\/\/reserves2.alcudia-boat-rental.com\/fr\/wp-json\/wp\/v2\/types\/page"}],"author":[{"embeddable":true,"href":"https:\/\/reserves2.alcudia-boat-rental.com\/fr\/wp-json\/wp\/v2\/users\/1"}],"replies":[{"embeddable":true,"href":"https:\/\/reserves2.alcudia-boat-rental.com\/fr\/wp-json\/wp\/v2\/comments?post=670"}],"version-history":[{"count":17,"href":"https:\/\/reserves2.alcudia-boat-rental.com\/fr\/wp-json\/wp\/v2\/pages\/670\/revisions"}],"predecessor-version":[{"id":720,"href":"https:\/\/reserves2.alcudia-boat-rental.com\/fr\/wp-json\/wp\/v2\/pages\/670\/revisions\/720"}],"wp:attachment":[{"href":"https:\/\/reserves2.alcudia-boat-rental.com\/fr\/wp-json\/wp\/v2\/media?parent=670"}],"curies":[{"name":"wp","href":"https:\/\/api.w.org\/{rel}","templated":true}]}}